{"id":10606,"date":"2024-07-22T17:04:18","date_gmt":"2024-07-22T15:04:18","guid":{"rendered":"https:\/\/www.lastrada-derweg.org\/?page_id=10606"},"modified":"2024-07-22T17:07:14","modified_gmt":"2024-07-22T15:07:14","slug":"goal-2025-esf2_f2_0019","status":"publish","type":"page","link":"https:\/\/www.lastrada-derweg.org\/?page_id=10606&lang=de","title":{"rendered":"Goal 2025 &#8211; ESF2_f2_0019"},"content":{"rendered":"<div class=\"wpb-content-wrapper\"><p>[vc_row][vc_column][vc_custom_heading text=&#8221;Goal 2025 &#8211; ESF2_f2_0019&#8243; css=&#8221;&#8221;][\/vc_column][\/vc_row][vc_row][vc_column][vc_column_text css=&#8221;&#8221;]<\/p>\n<div class=\"wp-block-group\">\n<div class=\"wp-block-group__inner-container is-layout-constrained wp-block-group-is-layout-constrained\">\n<div class=\"wp-block-group\">\n<div class=\"wp-block-group__inner-container is-layout-constrained wp-block-group-is-layout-constrained\">\n<p><strong>ESF2_f2_0019<\/strong>\u00a0\u2013\u00a0<strong>GOAL 2025<\/strong>\u00a0ist ein Projekt,\u00a0<strong>das mit Kofinanzierung der Europ\u00e4ischen Union<\/strong>\u00a0und\u00a0<strong>des ESF+ Programms 2021-2027 der Autonomen Provinz Bozen realisiert wird.<\/strong><\/p>\n<\/div>\n<\/div>\n<\/div>\n<\/div>\n<p>Es wird von\u00a0<strong>Irecoop Alto Adige S\u00fcdtirol<\/strong>\u00a0in Partnerschaft mit dem Verein\u00a0<strong>La Strada \u2013 der Weg<\/strong>\u00a0und\u00a0<strong>Arciragazzi Bozen APS<\/strong>\u00a0in einem\u00a0<strong>Netzwerk mit dem italienischsprachigen Schulamt der Provinz Bozen<\/strong>\u00a0und den\u00a0<strong>Schulen<\/strong>\u00a0durchgef\u00fchrt.<\/p>\n<p><strong>Ziele des Projekts<\/strong>:<\/p>\n<p><strong>GOAL 2025<\/strong>\u00a0ist Teil der vom Europ\u00e4ischen Sozialfonds der Provinz Bozen finanzierten Initiativen mit dem Ziel, den gleichberechtigten Zugang zu und den Abschluss einer integrativen und qualitativ hochwertigen allgemeinen und beruflichen Bildung zu f\u00f6rdern, insbesondere f\u00fcr benachteiligte Gruppen, von der fr\u00fchkindlichen Bildung und Betreuung \u00fcber die allgemeine und berufliche Bildung bis hin zur Hochschulbildung und Erwachsenenbildung, auch durch die Erleichterung der Mobilit\u00e4t f\u00fcr das Lernen f\u00fcr alle und der Zug\u00e4nglichkeit f\u00fcr Menschen mit Behinderungen<\/p>\n<p><strong>Projektbeschreibung und geplante Aktivit\u00e4ten<\/strong>:<\/p>\n<p><strong>GOAL 2025<\/strong>\u00a0unterst\u00fctzt den schulischen Kontext dabei, ein Ort der M\u00f6glichkeiten zu werden, an dem jeder aktiv an effektiven und qualitativ hochwertigen Lernprozessen teilnehmen, sich frei engagieren, beteiligen und die F\u00e4higkeiten erwerben kann, um seine Zukunft zu gestalten. Es richtet sich an Sch\u00fclerinnen und Sch\u00fcler der Sekundarschulen der Projektpartner und der beruflichen Bildung.<\/p>\n<p>Es bietet folgende Ma\u00dfnahmen an:<\/p>\n<ul class=\"wp-block-list\">\n<li>individuelle und gruppenbasierte F\u00f6rderung von Grundkenntnissen,<\/li>\n<li>thematische Pfade,<\/li>\n<li>Gruppenpr\u00e4vention und Orientierungsdienste,<\/li>\n<li>sozial-psycho-p\u00e4dagogische Unterst\u00fctzung\/Dienstleistung.<\/li>\n<\/ul>\n<hr class=\"wp-block-separator has-alpha-channel-opacity\" \/>\n<p><strong>Informativa di progetto \/ Informationen zum Projekt:<\/strong><\/p>\n<p><a href=\"https:\/\/assets-eu-01.kc-usercontent.com\/bcebb4a7-48c6-010f-23f5-2a0876a4748e\/f83f32ba-ae2c-43b6-914f-8006309e0953\/ALT_Condizioni_di_partecipazione_agli_interventi_FSE%2B_Rev00.pdf\">https:\/\/assets-eu-01.kc-usercontent.com\/bcebb4a7-48c6-010f-23f5-2a0876a4748e\/f83f32ba-ae2c-43b6-914f-8006309e0953\/ALT_Condizioni_di_partecipazione_agli_interventi_FSE%2B_Rev00.pdf<\/a><\/p>\n<p><strong>Beneficiario<\/strong>\u00a0\/<strong>\u00a0Beg\u00fcnstigter<\/strong><\/p>\n<p><strong>GOAL 2025<\/strong>\u00a0\u00e8 realizzato da \/ wird durchgef\u00fchrt von :<\/p>\n<p><strong>Irecoop Alto Adige S\u0171dtirol<\/strong>, Via Galilei 2\/e, 39100 Bolzano \u2013 tel. 0471 1535318<\/p>\n<p>Responsabile di progetto \/ Projektleiter : Teresa Pedretti,\u00a0<a href=\"mailto:teresa.pedretti@irecoopbz.eu\">teresa.pedretti@irecoopbz.eu<\/a><\/p>\n<p>In partenariato con \/ in Partnerschaft mit :<\/p>\n<p><strong>Associazione la Strada-der Weg<\/strong>, Via Visitazione 42, 39100 Bolzano \u2013 tel. 0471 203111<\/p>\n<p><strong>Arciragazzi Bolzano APS<\/strong>, Via Dolomiti 14, 39100 Bolzano \u2013 0471 323655<\/p>\n<p><strong>Le scuole dove si svolge il progetto \/ den Schulen, an denen das Projekt stattfindet GOAL\u00a0<\/strong><strong>2025<\/strong>:<\/p>\n<div class=\"wp-block-group\">\n<div class=\"wp-block-group__inner-container is-layout-constrained wp-block-group-is-layout-constrained\">\n<ul class=\"wp-block-list\">\n<li>Istituto di Istruzione Secondaria di II grado \u2013 Bressanone<\/li>\n<li>Istituto di Istruzione secondaria di II grado \u2013 I. P. C. Vipiteno \u2013 Alta Val d\u2019Isarco<\/li>\n<li>Istituto di Istruzione Secondaria di II grado \u201cG. Galilei\u201d<\/li>\n<li>Istituto di Istruzione Secondaria di II grado \u201cGandhi\u201d \u2013 Merano<\/li>\n<li>Istituto di Istruzione Secondaria di II grado per le scienze umane, i servizi e il turismo \u201cC. de\u2019 Medici\u201d<\/li>\n<li>Istituto Tecnico Economico \u201cC. Battisti\u201d<\/li>\n<li>Istituto Tecnico per le Costruzioni, l\u2019Ambiente e il Territorio \u201cA. e P. Delai\u201d<\/li>\n<li>Liceo \u201cE. Torricelli\u201d<\/li>\n<li>Liceo \u201cG. Carducci\u201d<\/li>\n<li>Liceo \u201cG. Pascoli\u201d<\/li>\n<li>Scuola professionale Artigianato e industria \u201cL. Einaudi\u201d<\/li>\n<li>Scuola Professionale Artigianato, industria e commercio \u201cE. Mattei\u201d<\/li>\n<li>Scuola professionale Artigianato, industria e commercio \u201cG. Marconi\u201d<\/li>\n<li>Scuola professionale Commercio, turismo e i servizi \u201cL. Einaudi\u201d<\/li>\n<\/ul>\n<\/div>\n<\/div>\n<div class=\"wp-block-group\">\n<div class=\"wp-block-group__inner-container is-layout-constrained wp-block-group-is-layout-constrained\">\n<p>&nbsp;<\/p>\n<\/div>\n<\/div>\n<p>[\/vc_column_text][\/vc_column][\/vc_row]<\/p>\n<\/div>","protected":false},"excerpt":{"rendered":"<p>[vc_row][vc_column][vc_custom_heading text=&#8221;Goal 2025 &#8211; ESF2_f2_0019&#8243; css=&#8221;&#8221;][\/vc_column][\/vc_row][vc_row][vc_column][vc_column_text css=&#8221;&#8221;] ESF2_f2_0019\u00a0\u2013\u00a0GOAL 2025\u00a0ist ein Projekt,\u00a0das mit Kofinanzierung der Europ\u00e4ischen Union\u00a0und\u00a0des ESF+ Programms 2021-2027 der Autonomen Provinz Bozen realisiert wird. Es wird von\u00a0Irecoop Alto Adige S\u00fcdtirol\u00a0in Partnerschaft mit dem Verein\u00a0La Strada \u2013 der Weg\u00a0und\u00a0Arciragazzi Bozen APS\u00a0in einem\u00a0Netzwerk mit dem italienischsprachigen Schulamt der Provinz Bozen\u00a0und den\u00a0Schulen\u00a0durchgef\u00fchrt. Ziele des Projekts: GOAL 2025\u00a0ist&hellip;<\/p>\n","protected":false},"author":2,"featured_media":0,"parent":3156,"menu_order":0,"comment_status":"closed","ping_status":"closed","template":"","meta":{"footnotes":""},"class_list":["post-10606","page","type-page","status-publish","hentry","description-off"],"_links":{"self":[{"href":"https:\/\/www.lastrada-derweg.org\/index.php?rest_route=\/wp\/v2\/pages\/10606","targetHints":{"allow":["GET"]}}],"collection":[{"href":"https:\/\/www.lastrada-derweg.org\/index.php?rest_route=\/wp\/v2\/pages"}],"about":[{"href":"https:\/\/www.lastrada-derweg.org\/index.php?rest_route=\/wp\/v2\/types\/page"}],"author":[{"embeddable":true,"href":"https:\/\/www.lastrada-derweg.org\/index.php?rest_route=\/wp\/v2\/users\/2"}],"replies":[{"embeddable":true,"href":"https:\/\/www.lastrada-derweg.org\/index.php?rest_route=%2Fwp%2Fv2%2Fcomments&post=10606"}],"version-history":[{"count":3,"href":"https:\/\/www.lastrada-derweg.org\/index.php?rest_route=\/wp\/v2\/pages\/10606\/revisions"}],"predecessor-version":[{"id":10609,"href":"https:\/\/www.lastrada-derweg.org\/index.php?rest_route=\/wp\/v2\/pages\/10606\/revisions\/10609"}],"up":[{"embeddable":true,"href":"https:\/\/www.lastrada-derweg.org\/index.php?rest_route=\/wp\/v2\/pages\/3156"}],"wp:attachment":[{"href":"https:\/\/www.lastrada-derweg.org\/index.php?rest_route=%2Fwp%2Fv2%2Fmedia&parent=10606"}],"curies":[{"name":"wp","href":"https:\/\/api.w.org\/{rel}","templated":true}]}}