{"id":11590,"date":"2025-01-29T13:04:15","date_gmt":"2025-01-29T12:04:15","guid":{"rendered":"https:\/\/www.lastrada-derweg.org\/?page_id=11590"},"modified":"2026-02-14T20:51:33","modified_gmt":"2026-02-14T19:51:33","slug":"meeting-animare-beseelen-family","status":"publish","type":"page","link":"https:\/\/www.lastrada-derweg.org\/?page_id=11590","title":{"rendered":"Meeting &#8220;Animare-Beseelen: Family&#8221;"},"content":{"rendered":"<div class=\"wpb-content-wrapper\"><p>[vc_row][vc_column width=&#8221;1\/5&#8243;][vc_single_image image=&#8221;11679&#8243; img_size=&#8221;100&#215;100&#8243; alignment=&#8221;center&#8221; onclick=&#8221;custom_link&#8221; css=&#8221;&#8221; link=&#8221;https:\/\/docs.google.com\/forms\/d\/e\/1FAIpQLSdHiy7MGPeP8S9xv2j1s5me6s4zbXR5CWftfTLEQH_OgP38tg\/viewform?usp=header&#8221;][vc_custom_heading text=&#8221;Iscrizione<br \/>\nEinschreibung&#8221; font_container=&#8221;tag:h6|text_align:center&#8221; use_theme_fonts=&#8221;yes&#8221; css=&#8221;&#8221; link=&#8221;url:https%3A%2F%2Fdocs.google.com%2Fforms%2Fd%2Fe%2F1FAIpQLSdHiy7MGPeP8S9xv2j1s5me6s4zbXR5CWftfTLEQH_OgP38tg%2Fviewform%3Fusp%3Dheader&#8221;][\/vc_column][vc_column width=&#8221;1\/5&#8243;][vc_single_image image=&#8221;11685&#8243; img_size=&#8221;100&#215;100&#8243; alignment=&#8221;center&#8221; onclick=&#8221;custom_link&#8221; css=&#8221;&#8221; link=&#8221;https:\/\/www.lastrada-derweg.org\/?page_id=11607&#8243;][vc_custom_heading text=&#8221;Programma<br \/>\nProgramm&#8221; font_container=&#8221;tag:h6|text_align:center&#8221; use_theme_fonts=&#8221;yes&#8221; css=&#8221;&#8221; link=&#8221;url:https%3A%2F%2Fwww.lastrada-derweg.org%2F%3Fpage_id%3D11607&#8243;][\/vc_column][vc_column width=&#8221;1\/5&#8243;][vc_single_image image=&#8221;11692&#8243; img_size=&#8221;100&#215;100&#8243; alignment=&#8221;center&#8221; onclick=&#8221;custom_link&#8221; css=&#8221;&#8221; link=&#8221;https:\/\/www.lastrada-derweg.org\/?page_id=11636&#8243;][vc_custom_heading text=&#8221;Relatori<br \/>\nReferenten&#8221; font_container=&#8221;tag:h6|text_align:center&#8221; use_theme_fonts=&#8221;yes&#8221; css=&#8221;&#8221; link=&#8221;url:https%3A%2F%2Fwww.lastrada-derweg.org%2F%3Fpage_id%3D11636&#8243;][\/vc_column][vc_column width=&#8221;1\/5&#8243;][vc_single_image image=&#8221;11693&#8243; img_size=&#8221;100&#215;100&#8243; alignment=&#8221;center&#8221; onclick=&#8221;custom_link&#8221; css=&#8221;&#8221; link=&#8221;https:\/\/www.lastrada-derweg.org\/?page_id=11649&#8243;][vc_custom_heading text=&#8221;Informazioni generali<br \/>\nAllgemeine Informationen&#8221; font_container=&#8221;tag:h6|text_align:center&#8221; use_theme_fonts=&#8221;yes&#8221; css=&#8221;&#8221; link=&#8221;url:https%3A%2F%2Fwww.lastrada-derweg.org%2F%3Fpage_id%3D11649&#8243;][\/vc_column][vc_column width=&#8221;1\/5&#8243;][vc_single_image image=&#8221;11700&#8243; img_size=&#8221;100&#215;100&#8243; alignment=&#8221;center&#8221; onclick=&#8221;custom_link&#8221; css=&#8221;&#8221; link=&#8221;https:\/\/www.lastrada-derweg.org\/?page_id=11704&#8243;][vc_custom_heading text=&#8221;Atti<br \/>\nAkten&#8221; font_container=&#8221;tag:h6|text_align:center&#8221; use_theme_fonts=&#8221;yes&#8221; css=&#8221;&#8221; link=&#8221;url:https%3A%2F%2Fwww.lastrada-derweg.org%2F%3Fpage_id%3D11704&#8243;][\/vc_column][\/vc_row][vc_row][vc_column][vc_separator color=&#8221;black&#8221; border_width=&#8221;3&#8243; css=&#8221;&#8221;][\/vc_column][\/vc_row][vc_row][vc_column][vc_column_text]<\/p>\n<p>[\/vc_column_text][\/vc_column][\/vc_row][vc_row][vc_column width=&#8221;1\/2&#8243;][vc_column_text css=&#8221;&#8221;]Pagina bilingue, segue testo in lingua tedesca<\/p>\n<p>Zweisprachige Seite, Text in deutscher Sprache folgt.<\/p>\n<h1 style=\"text-align: center;\"><strong>&#8220;Family&#8221;<\/strong><\/h1>\n<p><strong>\u201cFamily\u201d<\/strong> \u00e8 il titolo dell\u2019edizione 2025 del meeting \u201cAnimare-Beseelen\u201d, che l\u2019Associazione \u201cLa Strada-Der Weg\u201d organizza annualmente dal 2018.<\/p>\n<p>Si svolger\u00e0 dal <strong>18 al 21 marzo<\/strong>, in diverse sedi, con interventi di relatori esterni, di operatori dell\u2019Associazione, workshop di approfondimento. L\u2019intento \u00e8 indagare e mettere a fuoco le odierne realt\u00e0 familiari, tra fatiche e opportunit\u00e0, solitudini e risorse, tradizioni e mutamenti.<\/p>\n<p>Le famiglie si fanno carico di bisogni, cure, accudimento, supporto dei propri componenti. La mole e la rilevanza di questi compiti rimangono a volte nascosti e ignorati e le famiglie si sentono sole; occorre promuovere e valorizzare politiche familiari, servizi e progetti a loro sostegno e, in particolare, della genitorialit\u00e0. <strong>Se ne parler\u00e0 nel primo giorno di convegno, a Bolzano.<\/strong><\/p>\n<p><strong>Nella seconda giornata, ospiti della facolt\u00e0 di \u201cScienze della formazione\u201d di Bressanone<\/strong>, l\u2019attenzione sar\u00e0 posta sui profondi mutamenti e le trasformazioni che la dimensione familiare sta vivendo e che chiedono di essere colte, analizzate, riconosciute.<\/p>\n<p>In qualche caso la famiglia pu\u00f2 rivelarsi anche spazio di drammi e sofferenze, una gabbia soffocante o violenta da cui liberarsi. <strong>\u00c8 il tema del terzo giorno di meeting, presso l\u2019Istituto di scuola superiore \u201cGandhi\u201d di Merano.<\/strong><\/p>\n<p><strong>L\u2019ultima mattinata si svolger\u00e0 presso la facolt\u00e0 di sociologia dell\u2019Universit\u00e0 di Trento<\/strong> ed affronter\u00e0 la questione della parit\u00e0 di genere all\u2019interno delle famiglie.[\/vc_column_text][\/vc_column][vc_column width=&#8221;1\/2&#8243;][vc_single_image image=&#8221;11817&#8243; img_size=&#8221;full&#8221; css=&#8221;&#8221;][\/vc_column][\/vc_row][vc_row][vc_column css=&#8221;.vc_custom_1738167740523{margin-top: -50px !important;}&#8221;][vc_column_text css=&#8221;.vc_custom_1739209135821{padding-top: 50px !important;}&#8221;]<\/p>\n<h3 style=\"text-align: center;\"><strong>Modalit\u00e0 di iscrizione<\/strong><\/h3>\n<p><a href=\"https:\/\/docs.google.com\/forms\/d\/e\/1FAIpQLSdHiy7MGPeP8S9xv2j1s5me6s4zbXR5CWftfTLEQH_OgP38tg\/viewform?usp=header\"><strong>Qui<\/strong><\/a> puoi compilare il modulo di iscrizione online. Puoi scegliere a quali giornate iscriverti. Per ogni giornata dovrai scegliere a quale workshop del mattino e del pomeriggio partecipare. \u00e8 possibile indicare una prima scelta e una seconda scelta per i workshop previsti nelle varie mezze giornate. I posti nei workshop sono limitati e verranno assegnati in ordine cronologico fino ad esaurimento. Si cercher\u00e0 di tenere conto delle scelte indicate da ognuno, qualora ci\u00f2 non fosse possibile, la\/il partecipante verr\u00e0 iscritta\/o d&#8217;ufficio ad un altro workshop. La ringraziamo per la comprenisione. Termine di iscrizione: 13-03-2025.<\/p>\n<p>Verranno assegnati crediti ecm ( per le professioni sanitarie) e ecs (per gli\/le assistenti sociali).<\/p>\n<p>Non \u00e8 prevista la traduzione simultanea. Ogni relatore\/relatrice parler\u00e0 nella propria madrelingua.<\/p>\n<p>Scaricare <a href=\"https:\/\/www.lastrada-derweg.org\/?page_id=11704\"><strong>qui<\/strong><\/a> gli atti del meeting. (verranno pubblicati nei giorni seguenti al meeting)[\/vc_column_text][vc_row_inner][vc_column_inner][vc_separator][\/vc_column_inner][\/vc_row_inner][vc_row_inner][vc_column_inner][vc_separator][\/vc_column_inner][\/vc_row_inner][\/vc_column][\/vc_row][vc_row][vc_column css=&#8221;.vc_custom_1738167740523{margin-top: -50px !important;}&#8221;][vc_column_text css=&#8221;&#8221;]<\/p>\n<h1 style=\"text-align: center;\"><strong>&#8220;Family&#8221;<\/strong><\/h1>\n<p>\u201eFamily\u201c ist der Titel der Ausgabe 2025 des Meetings \u201aAnimare-Beseelen\u2018, das der Verein \u201aLa Strada-Der Weg\u2018 seit 2018 j\u00e4hrlich organisiert.<\/p>\n<p>Es findet vom 18. bis 21. M\u00e4rz an verschiedenen Orten statt, mit Vortr\u00e4gen von externen Referenten,Mitarbeterinnen und Mitarbeitern des Vereins und vertiefenden Workshops. Ziel ist es, die heutige Familienwirklichkeit zwischen N\u00f6ten und Chancen, Einsamkeit und Ressourcen, Traditionen und Ver\u00e4nderungen zu erforschen und zu thematisieren.<\/p>\n<p>Familien k\u00fcmmern sich um die Bed\u00fcrfnisse, die Pflege und die Unterst\u00fctzung ihrer Mitglieder. Der Umfang und die Bedeutung dieser Aufgaben bleiben manchmal verborgen und werden ignoriert, und Familien f\u00fchlen sich allein gelassen. Dies wird am ersten Tag der Konferenz in Bozen er\u00f6rtert.<\/p>\n<p>Am zweiten Tag, der im Zusammenarbeit mit der Fakult\u00e4t f\u00fcr Erziehungswissenschaften in Brixen organisiert wird, liegt der Schwerpunkt auf den tiefgreifenden Ver\u00e4nderungen und Umgestaltungen, denen die famili\u00e4re Dimension unterworfen ist und die erfasst, analysiert und anerkannt werden m\u00fcssen.<\/p>\n<p>In manchen F\u00e4llen kann sich die Familie auch als Raum des Dramas und des Leidens erweisen, als ein erstickender oder gewaltt\u00e4tiger K\u00e4fig, aus dem man sich befreien muss. Dies ist das Thema des dritten Tages des Meetings im Gandhi&#8221;-Gymnasium in Meran.<\/p>\n<p>Der letzte Vormittag findet an der Fakult\u00e4t f\u00fcr Soziologie der Universit\u00e4t Trient statt und befasst sich mit der Gleichstellung der Geschlechter in der Familie.[\/vc_column_text][vc_column_text css=&#8221;.vc_custom_1739207199720{padding-top: 50px !important;}&#8221;]<\/p>\n<h3 style=\"text-align: center;\"><strong>Einschreibemodalit\u00e4ten<\/strong><\/h3>\n<p><a href=\"https:\/\/docs.google.com\/forms\/d\/e\/1FAIpQLSdHiy7MGPeP8S9xv2j1s5me6s4zbXR5CWftfTLEQH_OgP38tg\/viewform?usp=header\"><strong>Hier<\/strong><\/a> k\u00f6nnen Sie das Online-Anmeldeformular ausf\u00fcllen. Sie k\u00f6nnen w\u00e4hlen, f\u00fcr welche Tage Sie sich anmelden m\u00f6chten. F\u00fcr jeden Tag m\u00fcssen Sie w\u00e4hlen, an welchem Vormittags- und Nachmittagsworkshop Sie teilnehmen m\u00f6chten. Es ist m\u00f6glich, eine erste und eine zweite Wahl f\u00fcr die Workshops anzugeben, die f\u00fcr die verschiedenen Halbtage vorgesehen sind. die Pl\u00e4tze in den Workshops sind begrenzt und werden in chronologischer Reihenfolge vergeben. Es wird versucht, die von jeder Teilnehmerin\/jedem Teilnehmer angegebene Wahl zu ber\u00fccksichtigen; sollte dies nicht m\u00f6glich sein, wird die\/der Teilnehmer\/in automatisch f\u00fcr einen anderen Workshop angemeldet. Wir danken Ihnen f\u00fcr Ihr Verst\u00e4ndnis. Einschreibefrist: 13-03-2025<\/p>\n<p>Es werden CME-Punkte (f\u00fcr die Berufe des Gesundheitswesens) und ECS-Punkte (f\u00fcr Sozialassistent\/innen) vergeben.<\/p>\n<p>Eine Simultan\u00fcbersetzung wird nicht angeboten. Jede\/r Redner\/in wird in der eigenen Muttersprache sprechen.<\/p>\n<p>Laden Sie <a href=\"https:\/\/www.lastrada-derweg.org\/?page_id=11704\"><strong>hier<\/strong><\/a> die Akten der Tagung herunter. (sie werden in den Tagen nach der Tagung ver\u00f6ffentlicht)[\/vc_column_text][\/vc_column][\/vc_row][vc_row][vc_column width=&#8221;1\/5&#8243;][vc_single_image image=&#8221;11679&#8243; img_size=&#8221;100&#215;100&#8243; alignment=&#8221;center&#8221; onclick=&#8221;custom_link&#8221; css=&#8221;&#8221; link=&#8221;https:\/\/docs.google.com\/forms\/d\/e\/1FAIpQLSdHiy7MGPeP8S9xv2j1s5me6s4zbXR5CWftfTLEQH_OgP38tg\/viewform?usp=header&#8221;][vc_custom_heading text=&#8221;Iscrizione<br \/>\nEinschreibung&#8221; font_container=&#8221;tag:h6|text_align:center&#8221; use_theme_fonts=&#8221;yes&#8221; css=&#8221;&#8221; link=&#8221;url:https%3A%2F%2Fdocs.google.com%2Fforms%2Fd%2Fe%2F1FAIpQLSdHiy7MGPeP8S9xv2j1s5me6s4zbXR5CWftfTLEQH_OgP38tg%2Fviewform%3Fusp%3Dheader&#8221;][\/vc_column][vc_column width=&#8221;1\/5&#8243;][vc_single_image image=&#8221;11685&#8243; img_size=&#8221;100&#215;100&#8243; alignment=&#8221;center&#8221; onclick=&#8221;custom_link&#8221; css=&#8221;&#8221; link=&#8221;https:\/\/www.lastrada-derweg.org\/?page_id=11607&#8243;][vc_custom_heading text=&#8221;Programm<br \/>\nProgramm&#8221; font_container=&#8221;tag:h6|text_align:center&#8221; use_theme_fonts=&#8221;yes&#8221; css=&#8221;&#8221; link=&#8221;url:https%3A%2F%2Fwww.lastrada-derweg.org%2F%3Fpage_id%3D11607&#8243;][\/vc_column][vc_column width=&#8221;1\/5&#8243;][vc_single_image image=&#8221;11692&#8243; img_size=&#8221;100&#215;100&#8243; alignment=&#8221;center&#8221; onclick=&#8221;custom_link&#8221; css=&#8221;&#8221; link=&#8221;https:\/\/www.lastrada-derweg.org\/?page_id=11636&#8243;][vc_custom_heading text=&#8221;Relatori<br \/>\nReferenten&#8221; font_container=&#8221;tag:h6|text_align:center&#8221; use_theme_fonts=&#8221;yes&#8221; css=&#8221;&#8221; link=&#8221;url:https%3A%2F%2Fwww.lastrada-derweg.org%2F%3Fpage_id%3D11636&#8243;][\/vc_column][vc_column width=&#8221;1\/5&#8243;][vc_single_image image=&#8221;11693&#8243; img_size=&#8221;100&#215;100&#8243; alignment=&#8221;center&#8221; onclick=&#8221;custom_link&#8221; css=&#8221;&#8221; link=&#8221;https:\/\/www.lastrada-derweg.org\/?page_id=11649&#8243;][vc_custom_heading text=&#8221;Informazioni generali<br \/>\nAllgemeine Informationen&#8221; font_container=&#8221;tag:h6|text_align:center&#8221; use_theme_fonts=&#8221;yes&#8221; css=&#8221;&#8221; link=&#8221;url:https%3A%2F%2Fwww.lastrada-derweg.org%2F%3Fpage_id%3D11649&#8243;][\/vc_column][vc_column width=&#8221;1\/5&#8243;][vc_single_image image=&#8221;11700&#8243; img_size=&#8221;100&#215;100&#8243; alignment=&#8221;center&#8221; onclick=&#8221;custom_link&#8221; css=&#8221;&#8221; link=&#8221;https:\/\/www.lastrada-derweg.org\/?page_id=11649&#8243;][vc_custom_heading text=&#8221;Atti<br \/>\nAkten&#8221; font_container=&#8221;tag:h6|text_align:center&#8221; use_theme_fonts=&#8221;yes&#8221; css=&#8221;&#8221; link=&#8221;url:https%3A%2F%2Fwww.lastrada-derweg.org%2F%3Fpage_id%3D11649&#8243;][\/vc_column][\/vc_row]<\/p>\n<\/div>","protected":false},"excerpt":{"rendered":"<p>[vc_row][vc_column width=&#8221;1\/5&#8243;][vc_single_image image=&#8221;11679&#8243; img_size=&#8221;100&#215;100&#8243; alignment=&#8221;center&#8221; onclick=&#8221;custom_link&#8221; css=&#8221;&#8221; link=&#8221;https:\/\/docs.google.com\/forms\/d\/e\/1FAIpQLSdHiy7MGPeP8S9xv2j1s5me6s4zbXR5CWftfTLEQH_OgP38tg\/viewform?usp=header&#8221;][vc_custom_heading text=&#8221;Iscrizione Einschreibung&#8221; font_container=&#8221;tag:h6|text_align:center&#8221; use_theme_fonts=&#8221;yes&#8221; css=&#8221;&#8221; link=&#8221;url:https%3A%2F%2Fdocs.google.com%2Fforms%2Fd%2Fe%2F1FAIpQLSdHiy7MGPeP8S9xv2j1s5me6s4zbXR5CWftfTLEQH_OgP38tg%2Fviewform%3Fusp%3Dheader&#8221;][\/vc_column][vc_column width=&#8221;1\/5&#8243;][vc_single_image image=&#8221;11685&#8243; img_size=&#8221;100&#215;100&#8243; alignment=&#8221;center&#8221; onclick=&#8221;custom_link&#8221; css=&#8221;&#8221; link=&#8221;https:\/\/www.lastrada-derweg.org\/?page_id=11607&#8243;][vc_custom_heading text=&#8221;Programma Programm&#8221; font_container=&#8221;tag:h6|text_align:center&#8221; use_theme_fonts=&#8221;yes&#8221; css=&#8221;&#8221; link=&#8221;url:https%3A%2F%2Fwww.lastrada-derweg.org%2F%3Fpage_id%3D11607&#8243;][\/vc_column][vc_column width=&#8221;1\/5&#8243;][vc_single_image image=&#8221;11692&#8243; img_size=&#8221;100&#215;100&#8243; alignment=&#8221;center&#8221; onclick=&#8221;custom_link&#8221; css=&#8221;&#8221; link=&#8221;https:\/\/www.lastrada-derweg.org\/?page_id=11636&#8243;][vc_custom_heading text=&#8221;Relatori Referenten&#8221; font_container=&#8221;tag:h6|text_align:center&#8221; use_theme_fonts=&#8221;yes&#8221; css=&#8221;&#8221; link=&#8221;url:https%3A%2F%2Fwww.lastrada-derweg.org%2F%3Fpage_id%3D11636&#8243;][\/vc_column][vc_column width=&#8221;1\/5&#8243;][vc_single_image image=&#8221;11693&#8243; img_size=&#8221;100&#215;100&#8243; alignment=&#8221;center&#8221; onclick=&#8221;custom_link&#8221; css=&#8221;&#8221; link=&#8221;https:\/\/www.lastrada-derweg.org\/?page_id=11649&#8243;][vc_custom_heading text=&#8221;Informazioni generali Allgemeine Informationen&#8221; font_container=&#8221;tag:h6|text_align:center&#8221; use_theme_fonts=&#8221;yes&#8221; css=&#8221;&#8221; link=&#8221;url:https%3A%2F%2Fwww.lastrada-derweg.org%2F%3Fpage_id%3D11649&#8243;][\/vc_column][vc_column&hellip;<\/p>\n","protected":false},"author":2,"featured_media":0,"parent":1378,"menu_order":0,"comment_status":"closed","ping_status":"closed","template":"","meta":{"footnotes":""},"class_list":["post-11590","page","type-page","status-publish","hentry","description-off"],"_links":{"self":[{"href":"https:\/\/www.lastrada-derweg.org\/index.php?rest_route=\/wp\/v2\/pages\/11590","targetHints":{"allow":["GET"]}}],"collection":[{"href":"https:\/\/www.lastrada-derweg.org\/index.php?rest_route=\/wp\/v2\/pages"}],"about":[{"href":"https:\/\/www.lastrada-derweg.org\/index.php?rest_route=\/wp\/v2\/types\/page"}],"author":[{"embeddable":true,"href":"https:\/\/www.lastrada-derweg.org\/index.php?rest_route=\/wp\/v2\/users\/2"}],"replies":[{"embeddable":true,"href":"https:\/\/www.lastrada-derweg.org\/index.php?rest_route=%2Fwp%2Fv2%2Fcomments&post=11590"}],"version-history":[{"count":55,"href":"https:\/\/www.lastrada-derweg.org\/index.php?rest_route=\/wp\/v2\/pages\/11590\/revisions"}],"predecessor-version":[{"id":11818,"href":"https:\/\/www.lastrada-derweg.org\/index.php?rest_route=\/wp\/v2\/pages\/11590\/revisions\/11818"}],"up":[{"embeddable":true,"href":"https:\/\/www.lastrada-derweg.org\/index.php?rest_route=\/wp\/v2\/pages\/1378"}],"wp:attachment":[{"href":"https:\/\/www.lastrada-derweg.org\/index.php?rest_route=%2Fwp%2Fv2%2Fmedia&parent=11590"}],"curies":[{"name":"wp","href":"https:\/\/api.w.org\/{rel}","templated":true}]}}