{"id":11607,"date":"2025-01-29T17:12:40","date_gmt":"2025-01-29T16:12:40","guid":{"rendered":"https:\/\/www.lastrada-derweg.org\/?page_id=11607"},"modified":"2025-03-12T23:02:21","modified_gmt":"2025-03-12T22:02:21","slug":"programma-meeting-family-2025","status":"publish","type":"page","link":"https:\/\/www.lastrada-derweg.org\/?page_id=11607","title":{"rendered":"Programma Meeting &#8220;Family&#8221; 2025"},"content":{"rendered":"<div class=\"wpb-content-wrapper\"><p>[vc_row][vc_column width=&#8221;1\/5&#8243;][vc_single_image image=&#8221;11790&#8243; img_size=&#8221;100&#215;100&#8243; alignment=&#8221;center&#8221; onclick=&#8221;custom_link&#8221; css=&#8221;&#8221; link=&#8221;https:\/\/www.lastrada-derweg.org\/?page_id=11590&#8243;][vc_custom_heading text=&#8221;Presentazione<br \/>\nPr\u00e4sentation&#8221; font_container=&#8221;tag:h6|text_align:center&#8221; use_theme_fonts=&#8221;yes&#8221; css=&#8221;&#8221; link=&#8221;url:https%3A%2F%2Fwww.lastrada-derweg.org%2F%3Fpage_id%3D11590&#8243;][\/vc_column][vc_column width=&#8221;1\/5&#8243;][vc_single_image image=&#8221;11679&#8243; img_size=&#8221;100&#215;100&#8243; alignment=&#8221;center&#8221; onclick=&#8221;custom_link&#8221; css=&#8221;&#8221; link=&#8221;https:\/\/docs.google.com\/forms\/d\/e\/1FAIpQLSdHiy7MGPeP8S9xv2j1s5me6s4zbXR5CWftfTLEQH_OgP38tg\/viewform?usp=header&#8221;][vc_custom_heading text=&#8221;Iscrizione<br \/>\nEinschreibung&#8221; font_container=&#8221;tag:h6|text_align:center&#8221; use_theme_fonts=&#8221;yes&#8221; css=&#8221;&#8221; link=&#8221;url:https%3A%2F%2Fdocs.google.com%2Fforms%2Fd%2Fe%2F1FAIpQLSdHiy7MGPeP8S9xv2j1s5me6s4zbXR5CWftfTLEQH_OgP38tg%2Fviewform%3Fusp%3Dheader&#8221;][\/vc_column][vc_column width=&#8221;1\/5&#8243;][vc_single_image image=&#8221;11692&#8243; img_size=&#8221;100&#215;100&#8243; alignment=&#8221;center&#8221; onclick=&#8221;custom_link&#8221; css=&#8221;&#8221; link=&#8221;https:\/\/www.lastrada-derweg.org\/?page_id=11636&#8243;][vc_custom_heading text=&#8221;Relatori<br \/>\nReferenten&#8221; font_container=&#8221;tag:h6|text_align:center&#8221; use_theme_fonts=&#8221;yes&#8221; css=&#8221;&#8221; link=&#8221;url:https%3A%2F%2Fwww.lastrada-derweg.org%2F%3Fpage_id%3D11636&#8243;][\/vc_column][vc_column width=&#8221;1\/5&#8243;][vc_single_image image=&#8221;11693&#8243; img_size=&#8221;100&#215;100&#8243; alignment=&#8221;center&#8221; onclick=&#8221;custom_link&#8221; css=&#8221;&#8221; link=&#8221;https:\/\/www.lastrada-derweg.org\/?page_id=11649&#8243;][vc_custom_heading text=&#8221;Informazioni generali<br \/>\nAllgemeine Informationen&#8221; font_container=&#8221;tag:h6|text_align:center&#8221; use_theme_fonts=&#8221;yes&#8221; css=&#8221;&#8221; link=&#8221;url:https%3A%2F%2Fwww.lastrada-derweg.org%2F%3Fpage_id%3D11649&#8243;][\/vc_column][vc_column width=&#8221;1\/5&#8243;][vc_single_image image=&#8221;11700&#8243; img_size=&#8221;100&#215;100&#8243; alignment=&#8221;center&#8221; onclick=&#8221;custom_link&#8221; css=&#8221;&#8221; link=&#8221;https:\/\/www.lastrada-derweg.org\/?page_id=11704&#8243;][vc_custom_heading text=&#8221;Atti<br \/>\nAkten&#8221; font_container=&#8221;tag:h6|text_align:center&#8221; use_theme_fonts=&#8221;yes&#8221; css=&#8221;&#8221; link=&#8221;url:https%3A%2F%2Fwww.lastrada-derweg.org%2F%3Fpage_id%3D11704&#8243;][\/vc_column][\/vc_row][vc_row][vc_column][vc_separator color=&#8221;black&#8221; border_width=&#8221;3&#8243; css=&#8221;&#8221;][\/vc_column][\/vc_row][vc_row][vc_column][vc_column_text]<\/p>\n<p>[\/vc_column_text][\/vc_column][\/vc_row][vc_row][vc_column][vc_column_text css=&#8221;&#8221;]<\/p>\n<h4 style=\"text-align: center;\">Programma prima giornata \/ Programm des ersten Tages<\/h4>\n<h5 style=\"text-align: center;\">18-03-2025\u00a0 \u00a0 Bolzano\/Bozen<\/h5>\n<h4 style=\"text-align: center;\">Trasformazioni sociali e bisogni delle famiglie &#8211; Sozialer Wandel und Bed\u00fcrfnisse der Familien<\/h4>\n<p style=\"text-align: center;\">Sala polifunzionale Europa &#8211; Mehrzwecksaal Europa<\/p>\n<p style=\"text-align: center;\">Via del Ronco \/ Neubruchweg 11<\/p>\n<p>&nbsp;<\/p>\n<p><strong>08.30\u00a0 \u00a0 <\/strong>Accoglienza e registrazione \/ Empfang und Einschreibung<\/p>\n<p><strong>08.45\u00a0 \u00a0 <\/strong>Saluti &#8211; Begr\u00fc\u00dfung<\/p>\n<p><strong>09.00\u00a0 \u00a0 <\/strong>Introduzione al tema \/ Einf\u00fchrung in das Thema &#8211; <strong>Chiara Saraceno <\/strong>(It)<\/p>\n<p><strong>09.15<\/strong>\u00a0 \u00a0 Strategy people: la persona che fa la differenza &#8211; <strong>Luciano Malfer\u00a0 <\/strong>(It)<\/p>\n<p><strong>09.40\u00a0 \u00a0 <\/strong>Sono single e ho adottato&#8230; &#8211;<strong> Luca Trapanese <\/strong>(It)<\/p>\n<p><strong>10.05<\/strong>\u00a0 \u00a0 Lebenswelten von Familien und die Bedeutung der gesellschaftlichen Rahmenbedingungen &#8211; <strong>Christa Ladurner <\/strong>(Dt)<\/p>\n<p><strong>10.30<\/strong>\u00a0 \u00a0 L&#8217;esperienza con le famiglie nell&#8217;ambito del sostegno familiare precoce &#8211; <strong>Camilla Dell&#8217;Eva<\/strong> (It)<\/p>\n<p><strong>10.45\u00a0 \u00a0 <\/strong>Improvvisazione teatrale su parole e temi della mattinata &#8211; <strong>Gianteatro\u00a0<\/strong><\/p>\n<p><strong>11.00\u00a0 \u00a0 <\/strong>Pausa &#8211; Pause<\/p>\n<p><strong>11.20\u00a0 \u00a0 <\/strong>Inizio Workshops<\/p>\n<p><strong>W1\u00a0 \u00a0 \u00a0<\/strong> Il sostegno alle famiglie attraverso il piacere d\u2019incontrarsi &#8211; <strong>Denis Iardino\u00a0<\/strong>(It)<\/p>\n<p><strong>W2\u00a0 \u00a0 <\/strong>\u00a0 Inwiefern haben Ver\u00e4nderungen im gesellschaftlichen Umfeld Auswirkungen auf die Familien?\u00a0&#8211; <strong>Christa Ladurner<\/strong>\u00a0(Dt)<\/p>\n<p><strong>W3\u00a0 \u00a0 \u00a0<\/strong> Sfide quotidiane e strategie di supporto: il percorso delle famiglie con figli disabili &#8211; <strong>C. De Paoli, M. Barcatta <\/strong>(It+Dt)<\/p>\n<p><strong>W4\u00a0 \u00a0 \u00a0 <\/strong>Genitori e figli con risorse e bisogni speciali &#8211; <strong>Luca Trapanese, Alessandra Marcucci\u00a0<\/strong>(It)<\/p>\n<p><strong>W5\u00a0 \u00a0 \u00a0 <\/strong>Servizi 0-3: quale idea di famiglia? \/ Dienste f\u00fcr Kleinkindbetreuung: ein Gewinn f\u00fcr Familien? &#8211; <strong>Camilla Dell&#8217;Eva, Cinzia Favali\u00a0<\/strong>(It+Dt)<\/p>\n<p><strong>12.30\u00a0 \u00a0<\/strong>Chiusura mattinata<\/p>\n<p><strong>14.00\u00a0 <\/strong>\u00a0Introduzione &#8211; Einleitung<\/p>\n<p><strong>14.15<\/strong>\u00a0 Nuovi e vecchi bisogni delle famiglie a Bolzano &#8211; <strong>Liliana Di Fede\u00a0<\/strong>(It)<\/p>\n<p><strong>14.40\u00a0 <\/strong>Improvvisazione teatrale su parole e temi del pomeriggio &#8211; <strong>Gianteatro\u00a0<\/strong><\/p>\n<p><strong>14.50<\/strong>\u00a0 Guardare alla famiglia da continenti diversi &#8211; <strong>Ruben Sadei\u00a0<\/strong>(It)<\/p>\n<p><strong>15.15\u00a0 <\/strong>Essere una Famiglia mista<strong> &#8211; David Aime Tchouamani\u00a0\u00a0<\/strong>(It)<\/p>\n<p><strong>15.30\u00a0 <\/strong>Una rete per sostenere chi fatica a trovare casa<strong> &#8211; Tavolo Abitare\u00a0<\/strong>(It)<\/p>\n<p><strong>15.45<\/strong>\u00a0 Improvvisazione teatrale su parole e temi del pomeriggio &#8211; <strong>Gianteatro<\/strong><\/p>\n<p><strong>16.00\u00a0 Pausa &#8211; Pause<\/strong><\/p>\n<p><strong>16.20\u00a0 <\/strong>Inizio Workshops<\/p>\n<p><strong>W1\u00a0 \u00a0 \u00a0<\/strong> Quali parole per dire &#8220;famiglia&#8221; \/ Welche Worte stehen f\u00fcr Familie &#8211; <strong>Don Paolo Zambaldi <\/strong>(It+Dt)<\/p>\n<p><strong>W2\u00a0 \u00a0 \u00a0<\/strong> Fragilit\u00e0 delle famiglie: quali strategie mettere in campo &#8211; <strong>Silvia Fusaro, Chiara Lombardo\u00a0<\/strong>(It)<\/p>\n<p><strong>W3\u00a0 \u00a0 \u00a0 <\/strong>Quando la famiglia da sola non basta &#8211; <strong>esperta\/o in situazioni di disagio familiare <\/strong>(It)<\/p>\n<p><strong>W4\u00a0 \u00a0 \u00a0 <\/strong>Abitare \u00e8 ancora possibile? Un dialogo aperto sull&#8217;emergenza abitativa &#8211; <strong>Tavolo Abitare <\/strong>(It)<\/p>\n<p><strong>W5\u00a0 \u00a0 \u00a0 <\/strong>Conciliazione tra famiglia e lavoro<strong> &#8211; Luca Filippi\u00a0<\/strong>(It)<\/p>\n<p><strong>17.30<\/strong>\u00a0 \u00a0Chiusura giornata[\/vc_column_text][\/vc_column][\/vc_row][vc_row][vc_column][vc_column_text css=&#8221;&#8221;]<\/p>\n<h4 style=\"text-align: center;\">Programma seconda giornata \/ Programm des zweiten Tages<\/h4>\n<h5 style=\"text-align: center;\">19-03-2025\u00a0 \u00a0 Bressanone\/Brixen<\/h5>\n<h4 style=\"text-align: center;\">Tipologie familiari &#8211; <strong><em>Familienformen<\/em><\/strong><\/h4>\n<p style=\"text-align: center;\">Campus di Bressanone della Libera Universit\u00e0 di Bolzano &#8211; Campus Brixen der Freien Universit\u00e4t Bozen<\/p>\n<p style=\"text-align: center;\">Via Ratisbona \/ Regensburgerstrasse 16<\/p>\n<p>&nbsp;<\/p>\n<p><strong>08.30\u00a0 \u00a0 <\/strong>Accoglienza e registrazione \/ Empfang und Einschreibung<\/p>\n<p><strong>08.45\u00a0 \u00a0 <\/strong>Saluti &#8211; Begr\u00fc\u00dfung<\/p>\n<p><strong>09.00\u00a0 \u00a0 <\/strong>Introduzione al tema \/ Einf\u00fchrung in das Thema &#8211; <strong>Chiara Saraceno\u00a0<\/strong>(It)<\/p>\n<p><strong>09.15<\/strong>\u00a0 \u00a0 Die Herstellung von Familie zwischen Vielfalt und Anerkennung &#8211; <strong>Urban Nothdurfter <\/strong>(Dt)<\/p>\n<p><strong>09.40<\/strong>\u00a0 \u00a0 Improvvisazione teatrale su parole e temi della mattinata &#8211; <strong>Gianteatro\u00a0<\/strong><\/p>\n<p><strong>09.50\u00a0 \u00a0 <\/strong>Nodi e tagli tra pubblico e domestico. Il legame familiare nelle esperienze di mobilit\u00e0\u00a0&#8211; <strong>Francesca Morra <\/strong>(It)<\/p>\n<p><strong>10.15<\/strong>\u00a0 \u00a0 1) Famiglie numerose: gioie e problemi ad essere in tanti in famiglia &#8211; <strong>Mirko Campo\u00a0<\/strong>(It)<\/p>\n<p><strong>\u00a0 \u00a0 \u00a0 \u00a0 \u00a0<\/strong>\u00a0 \u00a0 2) Die Verantwortung, alleine zu erziehen &#8211; <strong>Wolfgang Rigott\u00a0<\/strong>(Dt)<\/p>\n<p><strong>10.30\u00a0 \u00a0 <\/strong>Famiglie straniere in Italia e in Alto Adige &#8211;<strong> Fernando Biague<\/strong>\u00a0(It)<\/p>\n<p><strong>10.45\u00a0 \u00a0<\/strong> Improvvisazione teatrale su parole e temi della mattinata &#8211;<strong> Gianteatro\u00a0<\/strong><\/p>\n<p><strong>11.00\u00a0 \u00a0 <\/strong>Pausa &#8211; Pause<\/p>\n<p><strong>11.20\u00a0 \u00a0 <\/strong>Inizio Workshops<\/p>\n<p><strong>W1\u00a0 \u00a0 \u00a0 <\/strong>\u00a0 Famiglie e social media &#8211; <strong>Alessandro Colombi\u00a0<\/strong>(It)<\/p>\n<p><strong>W2\u00a0 \u00a0 \u00a0<\/strong>\u00a0 \u00a0&#8220;Fare famiglia&#8221; nella migrazione &#8211; <strong>Francesca Morra\u00a0<\/strong>(It)<\/p>\n<p><strong>W3\u00a0 \u00a0 \u00a0<\/strong>\u00a0 \u00a0Schwierigkeiten und Ressourcen von alleinerziehenden Eltern &#8211; <strong>Wolfgang Rigott <\/strong>(Dt)<\/p>\n<p><strong>W4\u00a0 \u00a0 \u00a0<\/strong>\u00a0 \u00a0Famiglie e diritto penale: recenti tendenze \/ Familien- und Strafrecht. Aktuelle Entwicklungen &#8211; <strong>Elena Mattevi, Kolis Summerer\u00a0<\/strong>(It+Dt)<\/p>\n<p><strong>W5\u00a0 \u00a0 \u00a0 \u00a0 <\/strong>Famiglie numerose: come sopravvivere con tanti figli &#8211; <strong>Mirko Campo\u00a0<\/strong>(It)<\/p>\n<p><strong>12.30\u00a0 \u00a0 <\/strong>Chiusura mattinata<\/p>\n<p><strong>14.00\u00a0 <\/strong>\u00a0 Introduzione &#8211; Einleitung<\/p>\n<p><strong>14.15<\/strong>\u00a0 \u00a0 Introduzione al lavoro di gruppo degli studenti UNIBZ &#8211; <strong>Daniele Morselli, Dario Volani\u00a0<\/strong>(It)<\/p>\n<p><strong>14.30<\/strong>\u00a0 \u00a0 Familie und Schule erziehen zusammen &#8211; <strong>Marion Lorenzon <\/strong>(Dt)<\/p>\n<p><strong>14.40\u00a0 \u00a0 <\/strong>Improvvisazione teatrale su parole e temi del pomeriggio<strong> &#8211; Gianteatro\u00a0<\/strong><\/p>\n<p><strong>14.50<\/strong>\u00a0 \u00a0 Qualit\u00e4t in der P\u00e4dagogik multiperspektivisch entwickeln. Eltern, Kinder und P\u00e4dagogInnen als kollaborative Akteure &#8211; <strong>Iris Nentwig- Gesemann\u00a0<\/strong>(Dt)<\/p>\n<p><strong>15.15\u00a0 \u00a0<\/strong> Familienpolitische Ma\u00dfnahmen in S\u00fcdtirol\u00a0<strong>&#8211; Familienagentur der Autonomen Provinz Bozen\u00a0<\/strong>(Dt)<\/p>\n<p><strong>15.30\u00a0<\/strong>\u00a0 \u00a0Centro &#8220;Il Germoglio&#8221;: sostegno a famiglie in situazione di conflittualit\u00e0 <strong>\u00a0&#8211; Alberto Malfatti\u00a0<\/strong><strong>(It)<\/strong><\/p>\n<p><strong>15.45<\/strong>\u00a0 \u00a0 Improvvisazione teatrale su parole e temi del pomeriggio &#8211; <strong>Gianteatro\u00a0<\/strong><\/p>\n<p><strong>16.00\u00a0 \u00a0 Pausa &#8211; Pause<\/strong><\/p>\n<p><strong>16.20\u00a0 \u00a0 <\/strong>Inizio Workshops<\/p>\n<p><strong>W1\u00a0 \u00a0 \u00a0<\/strong>\u00a0 \u00a0Familie und Schule &#8211; <strong>Marion Lorenzon\u00a0<\/strong>(Dt)<\/p>\n<p><strong>W2\u00a0 \u00a0 \u00a0<\/strong>\u00a0 \u00a0Familypoint: incontrarsi, confrontarsi, sostenersi. Family Point: ein Ort der Begegnung, der Bereicherung und gegenseitigen Unterst\u00fctzung &#8211; <strong>Team Family Point <\/strong>(It+Dt)<\/p>\n<p><strong>W3\u00a0 \u00a0 \u00a0 \u00a0 <\/strong>Coppie di fatto: la forma ha importanza? \/ Lebensgemeinschaften. Spielt die Form eine Rolle? <strong>&#8211; Manuela Gius, Alexa Bonfanti <\/strong>(It+Dt)<\/p>\n<p><strong>W4\u00a0 \u00a0 \u00a0 \u00a0 <\/strong>Coppie e natalit\u00e0 \u00a0&#8211; <strong>Roberto De Lorenzo Noto, Elena Zangrando\u00a0<\/strong>(It)<\/p>\n<p><strong>W5\u00a0 \u00a0 \u00a0 \u00a0 <\/strong>La solitudine degli anziani, una sfida da non ignorare \/ Die Einsamkeit \u00e4lterer Menschen, eine nicht zu vernachl\u00e4ssigende Herausforderung &#8211; <strong>Daniele Morselli, studentesse e studenti di UNIBZ \/ Student<em>Innen von UNIBZ\u00a0<\/em><\/strong> (It+Dt)<strong>\u00a0 \u00a0 \u00a0 \u00a0<\/strong><\/p>\n<p><strong>17.30<\/strong>\u00a0 \u00a0 \u00a0Chiusura giornata[\/vc_column_text][\/vc_column][\/vc_row][vc_row][vc_column][vc_column_text css=&#8221;&#8221;]<\/p>\n<h4 style=\"text-align: center;\">Programma terza giornata \/ Programm des dritten Tages<\/h4>\n<h5 style=\"text-align: center;\">20-03-2025\u00a0 \u00a0 Merano\/Meran<\/h5>\n<h4 style=\"text-align: center;\">Ombre familiari &#8211; <strong><em>Schattenseiten der Familien<\/em><\/strong><\/h4>\n<p style=\"text-align: center;\">Liceo Gandhi Merano &#8211; Realgymnasium Gandhi Meran<\/p>\n<p style=\"text-align: center;\">Via K. Wolf \/ K. Wolfstrasse 38<\/p>\n<p>&nbsp;<\/p>\n<p><strong>08.30\u00a0 \u00a0 <\/strong>Accoglienza e registrazione \/ Empfang und Einschreibung<\/p>\n<p><strong>08.45\u00a0 \u00a0 <\/strong>Saluti &#8211; Begr\u00fc\u00dfung<\/p>\n<p><strong>09.00\u00a0 \u00a0 <\/strong>Introduzione al tema \/ Einf\u00fchrung in das Thema &#8211; <strong>Chiara Saraceno\u00a0<\/strong>(It)<\/p>\n<p><strong>09.15<\/strong>\u00a0 \u00a0 Sozialsprengel Meran: Die Familien unterst\u00fctzen, um die Gemeinschaft zu f\u00f6rdern &#8211; <strong>Angela Giungaio\u00a0<\/strong>(Dt)<\/p>\n<p><strong>09.40<\/strong>\u00a0 \u00a0 Improvvisazione teatrale su parole e temi della mattinata &#8211; <strong>Gianteatro\u00a0\u00a0<\/strong><\/p>\n<p><strong>09.50\u00a0 \u00a0<\/strong> La famiglia ferita \u00a0&#8211; <strong>Giada Maslovaric\u00a0<\/strong>(It)<\/p>\n<p><strong>10.15<\/strong>\u00a0 \u00a0 Ritiro sociale: una porta chiusa dentro casa &#8211; <strong>Serena Zenatti\u00a0<\/strong>(It)<\/p>\n<p><strong>10.30\u00a0 \u00a0 <\/strong>Exit: quando si cerca una via d&#8217;uscita <strong>\u00a0&#8211; Laura Sternbach\u00a0<\/strong>(It)<\/p>\n<p><strong>10.45\u00a0 \u00a0 <\/strong>Improvvisazione teatrale su parole e temi della mattinata &#8211; <strong>Gianteatro\u00a0<\/strong><\/p>\n<p><strong>11.00\u00a0 \u00a0 <\/strong>Pausa &#8211; Pause<\/p>\n<p><strong>11.20\u00a0 \u00a0 <\/strong>Inizio Workshops<\/p>\n<p><strong>W1\u00a0 \u00a0 \u00a0 <\/strong>\u00a0\u201cMaternando\u201d: uno sguardo che viene da lontano &#8211; <strong>Maria Cecilia Mun\u00f4z <\/strong>(It)<\/p>\n<p><strong>W2\u00a0 \u00a0 \u00a0 \u00a0<\/strong>Conflittualit\u00e0 in famiglia: cosa succede dopo la separazione<strong> &#8211; Paolo Cuccurullo\u00a0<\/strong>(It)<\/p>\n<p><strong>W3\u00a0 \u00a0 \u00a0 \u00a0I<\/strong>dee innovative per rispondere ai bisogni delle famiglie &#8211; <strong>Angela Giungaio<\/strong><\/p>\n<p><strong>12.30\u00a0 \u00a0 <\/strong>Chiusura mattinata[\/vc_column_text][\/vc_column][\/vc_row][vc_row][vc_column][vc_column_text css=&#8221;&#8221;]<\/p>\n<h4 style=\"text-align: center;\">Programma quarta giornata \/ Programm des viertenTages<\/h4>\n<h5 style=\"text-align: center;\">21-03-2025\u00a0 \u00a0 Trento\/Trient<\/h5>\n<h4 style=\"text-align: center;\"><strong>Famiglia e parit\u00e0 di genere <\/strong> &#8211; <strong><em>Familie und Gleichstellung der Geschlechter<\/em><\/strong><\/h4>\n<p style=\"text-align: center;\">Universit\u00e0 di Trento &#8211; Universit\u00e4t Trient<\/p>\n<p style=\"text-align: center;\">Sala Bruno Kessler, Via Verdi Nr. 26 &#8211; Bruno Kessler-Saal, Verdistrasse Nr. 26<\/p>\n<p>&nbsp;<\/p>\n<p><strong>08.30\u00a0 \u00a0 <\/strong>Accoglienza e registrazione \/ Empfang und Einschreibung<\/p>\n<p><strong>08.45\u00a0 \u00a0 <\/strong>Saluti &#8211; Begr\u00fc\u00dfung<\/p>\n<p><strong>09.00\u00a0 \u00a0 <\/strong>Introduzione al tema \/ Einf\u00fchrung in das Thema &#8211; <strong>Chiara Saraceno<\/strong><\/p>\n<p><strong>09.15<\/strong>\u00a0 \u00a0 Educare all&#8217;equit\u00e0 in famiglia &#8211; <strong>Barbara Poggio<\/strong><\/p>\n<p><strong>09.45<\/strong>\u00a0 \u00a0CARICO A MILLE! Un momento teatrale ironico che esplora il carico di cura e il carico mentale. Un viaggio immaginario che rivela con umorismo le disuguaglianze e gli stereotipi di genere sul lavoro e nella vita quotidiana. Una riflessione su un equilibrio che fatica a stare in piedi &#8211; <strong>Diletta La Rosa<\/strong><\/p>\n<p><strong>10.00<\/strong>\u00a0 \u00a0 Famiglia: nome singolare femminile\u2026ma \u00e8 ora di una nuova analisi e grammatica &#8211; <strong>Marina Bruccoleri<\/strong><\/p>\n<p><strong>10.25<\/strong>\u00a0 \u00a0 Progetto Family Support: sostegno concreto dopo la nascita &#8211; <strong>Sara Passler<\/strong><\/p>\n<p><strong>10.50\u00a0 \u00a0 <\/strong>Il Ruolo dei padri oggi &#8211; <strong>Luca Nozza<\/strong><\/p>\n<p><strong>11.15\u00a0<\/strong> \u00a0 Dibattito<\/p>\n<p><strong>11.30<\/strong>\u00a0 \u00a0 Chiusura[\/vc_column_text][\/vc_column][\/vc_row][vc_row][vc_column][vc_column_text]<\/p>\n<p>[\/vc_column_text][\/vc_column][\/vc_row][vc_row][vc_column width=&#8221;1\/5&#8243;][vc_single_image image=&#8221;11790&#8243; img_size=&#8221;100&#215;100&#8243; alignment=&#8221;center&#8221; onclick=&#8221;custom_link&#8221; css=&#8221;&#8221; link=&#8221;https:\/\/www.lastrada-derweg.org\/?page_id=11590&#8243;][vc_custom_heading text=&#8221;Presentazione<br \/>\nPr\u00e4sentation&#8221; font_container=&#8221;tag:h6|text_align:center&#8221; use_theme_fonts=&#8221;yes&#8221; css=&#8221;&#8221; link=&#8221;url:https%3A%2F%2Fwww.lastrada-derweg.org%2F%3Fpage_id%3D11590&#8243;][\/vc_column][vc_column width=&#8221;1\/5&#8243;][vc_single_image image=&#8221;11679&#8243; img_size=&#8221;100&#215;100&#8243; alignment=&#8221;center&#8221; onclick=&#8221;custom_link&#8221; css=&#8221;&#8221; link=&#8221;https:\/\/docs.google.com\/forms\/d\/e\/1FAIpQLSdHiy7MGPeP8S9xv2j1s5me6s4zbXR5CWftfTLEQH_OgP38tg\/viewform?usp=header&#8221;][vc_custom_heading text=&#8221;Iscrizione<br \/>\nEinschreibung&#8221; font_container=&#8221;tag:h6|text_align:center&#8221; use_theme_fonts=&#8221;yes&#8221; css=&#8221;&#8221; link=&#8221;url:https%3A%2F%2Fdocs.google.com%2Fforms%2Fd%2Fe%2F1FAIpQLSdHiy7MGPeP8S9xv2j1s5me6s4zbXR5CWftfTLEQH_OgP38tg%2Fviewform%3Fusp%3Dheader&#8221;][\/vc_column][vc_column width=&#8221;1\/5&#8243;][vc_single_image image=&#8221;11692&#8243; img_size=&#8221;100&#215;100&#8243; alignment=&#8221;center&#8221; onclick=&#8221;custom_link&#8221; css=&#8221;&#8221; link=&#8221;https:\/\/www.lastrada-derweg.org\/?page_id=11636&#8243;][vc_custom_heading text=&#8221;Relatori<br \/>\nReferenten&#8221; font_container=&#8221;tag:h6|text_align:center&#8221; use_theme_fonts=&#8221;yes&#8221; css=&#8221;&#8221; link=&#8221;url:https%3A%2F%2Fwww.lastrada-derweg.org%2F%3Fpage_id%3D11636&#8243;][\/vc_column][vc_column width=&#8221;1\/5&#8243;][vc_single_image image=&#8221;11693&#8243; img_size=&#8221;100&#215;100&#8243; alignment=&#8221;center&#8221; onclick=&#8221;custom_link&#8221; css=&#8221;&#8221; link=&#8221;https:\/\/www.lastrada-derweg.org\/?page_id=11649&#8243;][vc_custom_heading text=&#8221;Informazioni generali<br \/>\nAllgemeine Informationen&#8221; font_container=&#8221;tag:h6|text_align:center&#8221; use_theme_fonts=&#8221;yes&#8221; css=&#8221;&#8221; link=&#8221;url:https%3A%2F%2Fwww.lastrada-derweg.org%2F%3Fpage_id%3D11649&#8243;][\/vc_column][vc_column width=&#8221;1\/5&#8243;][vc_single_image image=&#8221;11700&#8243; img_size=&#8221;100&#215;100&#8243; alignment=&#8221;center&#8221; onclick=&#8221;custom_link&#8221; css=&#8221;&#8221; link=&#8221;https:\/\/www.lastrada-derweg.org\/?page_id=11704&#8243;][vc_custom_heading text=&#8221;Atti<br \/>\nAkten&#8221; font_container=&#8221;tag:h6|text_align:center&#8221; use_theme_fonts=&#8221;yes&#8221; css=&#8221;&#8221; link=&#8221;url:https%3A%2F%2Fwww.lastrada-derweg.org%2F%3Fpage_id%3D11704&#8243;][\/vc_column][\/vc_row][vc_row][vc_column][vc_separator color=&#8221;black&#8221; border_width=&#8221;3&#8243; css=&#8221;&#8221;][\/vc_column][\/vc_row]<\/p>\n<\/div>","protected":false},"excerpt":{"rendered":"<p>[vc_row][vc_column width=&#8221;1\/5&#8243;][vc_single_image image=&#8221;11790&#8243; img_size=&#8221;100&#215;100&#8243; alignment=&#8221;center&#8221; onclick=&#8221;custom_link&#8221; css=&#8221;&#8221; link=&#8221;https:\/\/www.lastrada-derweg.org\/?page_id=11590&#8243;][vc_custom_heading text=&#8221;Presentazione Pr\u00e4sentation&#8221; font_container=&#8221;tag:h6|text_align:center&#8221; use_theme_fonts=&#8221;yes&#8221; css=&#8221;&#8221; link=&#8221;url:https%3A%2F%2Fwww.lastrada-derweg.org%2F%3Fpage_id%3D11590&#8243;][\/vc_column][vc_column width=&#8221;1\/5&#8243;][vc_single_image image=&#8221;11679&#8243; img_size=&#8221;100&#215;100&#8243; alignment=&#8221;center&#8221; onclick=&#8221;custom_link&#8221; css=&#8221;&#8221; link=&#8221;https:\/\/docs.google.com\/forms\/d\/e\/1FAIpQLSdHiy7MGPeP8S9xv2j1s5me6s4zbXR5CWftfTLEQH_OgP38tg\/viewform?usp=header&#8221;][vc_custom_heading text=&#8221;Iscrizione Einschreibung&#8221; font_container=&#8221;tag:h6|text_align:center&#8221; use_theme_fonts=&#8221;yes&#8221; css=&#8221;&#8221; link=&#8221;url:https%3A%2F%2Fdocs.google.com%2Fforms%2Fd%2Fe%2F1FAIpQLSdHiy7MGPeP8S9xv2j1s5me6s4zbXR5CWftfTLEQH_OgP38tg%2Fviewform%3Fusp%3Dheader&#8221;][\/vc_column][vc_column width=&#8221;1\/5&#8243;][vc_single_image image=&#8221;11692&#8243; img_size=&#8221;100&#215;100&#8243; alignment=&#8221;center&#8221; onclick=&#8221;custom_link&#8221; css=&#8221;&#8221; link=&#8221;https:\/\/www.lastrada-derweg.org\/?page_id=11636&#8243;][vc_custom_heading text=&#8221;Relatori Referenten&#8221; font_container=&#8221;tag:h6|text_align:center&#8221; use_theme_fonts=&#8221;yes&#8221; css=&#8221;&#8221; link=&#8221;url:https%3A%2F%2Fwww.lastrada-derweg.org%2F%3Fpage_id%3D11636&#8243;][\/vc_column][vc_column width=&#8221;1\/5&#8243;][vc_single_image image=&#8221;11693&#8243; img_size=&#8221;100&#215;100&#8243; alignment=&#8221;center&#8221; onclick=&#8221;custom_link&#8221; css=&#8221;&#8221; link=&#8221;https:\/\/www.lastrada-derweg.org\/?page_id=11649&#8243;][vc_custom_heading text=&#8221;Informazioni generali Allgemeine Informationen&#8221; font_container=&#8221;tag:h6|text_align:center&#8221; use_theme_fonts=&#8221;yes&#8221; css=&#8221;&#8221; link=&#8221;url:https%3A%2F%2Fwww.lastrada-derweg.org%2F%3Fpage_id%3D11649&#8243;][\/vc_column][vc_column&hellip;<\/p>\n","protected":false},"author":2,"featured_media":0,"parent":11590,"menu_order":0,"comment_status":"closed","ping_status":"closed","template":"","meta":{"footnotes":""},"class_list":["post-11607","page","type-page","status-publish","hentry","description-off"],"_links":{"self":[{"href":"https:\/\/www.lastrada-derweg.org\/index.php?rest_route=\/wp\/v2\/pages\/11607","targetHints":{"allow":["GET"]}}],"collection":[{"href":"https:\/\/www.lastrada-derweg.org\/index.php?rest_route=\/wp\/v2\/pages"}],"about":[{"href":"https:\/\/www.lastrada-derweg.org\/index.php?rest_route=\/wp\/v2\/types\/page"}],"author":[{"embeddable":true,"href":"https:\/\/www.lastrada-derweg.org\/index.php?rest_route=\/wp\/v2\/users\/2"}],"replies":[{"embeddable":true,"href":"https:\/\/www.lastrada-derweg.org\/index.php?rest_route=%2Fwp%2Fv2%2Fcomments&post=11607"}],"version-history":[{"count":60,"href":"https:\/\/www.lastrada-derweg.org\/index.php?rest_route=\/wp\/v2\/pages\/11607\/revisions"}],"predecessor-version":[{"id":11966,"href":"https:\/\/www.lastrada-derweg.org\/index.php?rest_route=\/wp\/v2\/pages\/11607\/revisions\/11966"}],"up":[{"embeddable":true,"href":"https:\/\/www.lastrada-derweg.org\/index.php?rest_route=\/wp\/v2\/pages\/11590"}],"wp:attachment":[{"href":"https:\/\/www.lastrada-derweg.org\/index.php?rest_route=%2Fwp%2Fv2%2Fmedia&parent=11607"}],"curies":[{"name":"wp","href":"https:\/\/api.w.org\/{rel}","templated":true}]}}