{"id":11636,"date":"2025-02-01T18:36:02","date_gmt":"2025-02-01T17:36:02","guid":{"rendered":"https:\/\/www.lastrada-derweg.org\/?page_id=11636"},"modified":"2025-03-03T10:35:02","modified_gmt":"2025-03-03T09:35:02","slug":"relatori-referenten","status":"publish","type":"page","link":"https:\/\/www.lastrada-derweg.org\/?page_id=11636","title":{"rendered":"Relatori &#8211; Referenten"},"content":{"rendered":"<div class=\"wpb-content-wrapper\"><p>[vc_row][vc_column width=&#8221;1\/5&#8243;][vc_single_image image=&#8221;11790&#8243; img_size=&#8221;100&#215;100&#8243; alignment=&#8221;center&#8221; onclick=&#8221;custom_link&#8221; css=&#8221;&#8221; link=&#8221;https:\/\/www.lastrada-derweg.org\/?page_id=11590&#8243;][vc_custom_heading text=&#8221;Presentazione<br \/>\nPr\u00e4sentation&#8221; font_container=&#8221;tag:h6|text_align:center&#8221; use_theme_fonts=&#8221;yes&#8221; css=&#8221;&#8221; link=&#8221;url:https%3A%2F%2Fwww.lastrada-derweg.org%2F%3Fpage_id%3D11590&#8243;][\/vc_column][vc_column width=&#8221;1\/5&#8243;][vc_single_image image=&#8221;11685&#8243; img_size=&#8221;100&#215;100&#8243; alignment=&#8221;center&#8221; onclick=&#8221;custom_link&#8221; css=&#8221;&#8221; link=&#8221;https:\/\/www.lastrada-derweg.org\/?page_id=11607&#8243;][vc_custom_heading text=&#8221;Programma<br \/>\nProgramm&#8221; font_container=&#8221;tag:h6|text_align:center&#8221; use_theme_fonts=&#8221;yes&#8221; css=&#8221;&#8221; link=&#8221;url:https%3A%2F%2Fwww.lastrada-derweg.org%2F%3Fpage_id%3D11607&#8243;][\/vc_column][vc_column width=&#8221;1\/5&#8243;][vc_single_image image=&#8221;11679&#8243; img_size=&#8221;100&#215;100&#8243; alignment=&#8221;center&#8221; onclick=&#8221;custom_link&#8221; css=&#8221;&#8221; link=&#8221;https:\/\/docs.google.com\/forms\/d\/e\/1FAIpQLSdHiy7MGPeP8S9xv2j1s5me6s4zbXR5CWftfTLEQH_OgP38tg\/viewform?usp=header&#8221;][vc_custom_heading text=&#8221;Iscrizione<br \/>\nEinschreibung&#8221; font_container=&#8221;tag:h6|text_align:center&#8221; use_theme_fonts=&#8221;yes&#8221; css=&#8221;&#8221; link=&#8221;url:https%3A%2F%2Fdocs.google.com%2Fforms%2Fd%2Fe%2F1FAIpQLSdHiy7MGPeP8S9xv2j1s5me6s4zbXR5CWftfTLEQH_OgP38tg%2Fviewform%3Fusp%3Dheader&#8221;][\/vc_column][vc_column width=&#8221;1\/5&#8243;][vc_single_image image=&#8221;11693&#8243; img_size=&#8221;100&#215;100&#8243; alignment=&#8221;center&#8221; onclick=&#8221;custom_link&#8221; css=&#8221;&#8221; link=&#8221;https:\/\/www.lastrada-derweg.org\/?page_id=11649&#8243;][vc_custom_heading text=&#8221;Informazioni generali<br \/>\nAllgemeine Informationen&#8221; font_container=&#8221;tag:h6|text_align:center&#8221; use_theme_fonts=&#8221;yes&#8221; css=&#8221;&#8221; link=&#8221;url:https%3A%2F%2Fwww.lastrada-derweg.org%2F%3Fpage_id%3D11649&#8243;][\/vc_column][vc_column width=&#8221;1\/5&#8243;][vc_single_image image=&#8221;11700&#8243; img_size=&#8221;100&#215;100&#8243; alignment=&#8221;center&#8221; onclick=&#8221;custom_link&#8221; css=&#8221;&#8221; link=&#8221;https:\/\/www.lastrada-derweg.org\/?page_id=11704&#8243;][vc_custom_heading text=&#8221;Atti<br \/>\nAkten&#8221; font_container=&#8221;tag:h6|text_align:center&#8221; use_theme_fonts=&#8221;yes&#8221; css=&#8221;&#8221; link=&#8221;url:https%3A%2F%2Fwww.lastrada-derweg.org%2F%3Fpage_id%3D11704&#8243;][\/vc_column][\/vc_row][vc_row][vc_column][vc_separator color=&#8221;black&#8221; border_width=&#8221;3&#8243; css=&#8221;&#8221;][\/vc_column][\/vc_row][vc_row][vc_column][vc_column_text css=&#8221;&#8221;]<\/p>\n<h4 style=\"text-align: center;\">Relatrici e relatori prima giornata &#8211; ReferentInnen des ersten Tages<\/h4>\n<h5 style=\"text-align: center;\">18-03-2025\u00a0 \u00a0 Bolzano\/Bozen<\/h5>\n<h4 style=\"text-align: center;\">Trasformazioni sociali e bisogni delle famiglie \u2013 Sozialer Wandel und Bed\u00fcrfnisse der Familien<\/h4>\n<p style=\"text-align: center;\">Sala polifunzionale Europa \u2013 Mehrzwecksaal Europa<\/p>\n<p style=\"text-align: center;\">Via del Ronco \/ Neubruchweg 11<\/p>\n<p style=\"text-align: center;\">Moderatrice \/ Moderatorin: <strong>Alessandra Belvisi<\/strong><\/p>\n<p><strong>Chiara Saraceno<\/strong><\/p>\n<p>Sociologa, professoressa emerita presso l\u2019Universit\u00e0 di Torino e il \u201cWZB-Berlin Social Science Center\u201d, honorary fellow presso il \u201cCollegio Carlo Alberto\u201d di Torino, autrice di numerosi studi su famiglia, questione femminile, povert\u00e0, politiche sociali.<\/p>\n<p>&nbsp;<\/p>\n<p><strong>Luciano Malfer<\/strong><\/p>\n<p>Research and Family Development Manager &#8211; Fondazione Bruno Kessler &#8211; TN.<\/p>\n<p>&nbsp;<\/p>\n<p><strong>Luca Trapanese<\/strong><\/p>\n<p>Assessore al Welfare del Comune di Napoli, autore con Luca Mercadante del libro &#8220;Nata per te&#8221;, attivo in vari progetti di inclusione sociale a favore di persone disabili e minori fragili.<\/p>\n<p>&nbsp;<\/p>\n<p><strong>Christa Ladurner<\/strong><\/p>\n<p>Soziologin, Koordinatorin im Forum Pr\u00e4vention Fachstelle Familie.<\/p>\n<p>&nbsp;<\/p>\n<p><strong>Camilla dell\u2019Eva<\/strong><\/p>\n<p>Sociologa, membro del Team Sostegno familiare precoce ASSB.<\/p>\n<p>&nbsp;<\/p>\n<p><strong>Denis Iardino<\/strong><\/p>\n<p>Assistente sociale specialista, educatore, Viceresponsabile Area Cultura, Famiglia e Territorio dell\u2019Associazione \u201cLa Strada-Der Weg\u201d.<\/p>\n<p>&nbsp;<\/p>\n<p><strong>Cristina De Paoli<\/strong><\/p>\n<p>Psicologa e psicoterapeuta, Responsabile Area Prevenzione e Consulenza dell\u2019associazione \u201cLa Strada-Der Weg\u201d.<\/p>\n<p>&nbsp;<\/p>\n<p><strong>Martina Barcatta<\/strong><\/p>\n<p>Psicologa presso la comunit\u00e0 residenziale sociopedagogica integrata \u201dPanta Rhei\u201d dell\u2019associazione \u201cLa Strada-Der Weg\u201d.<\/p>\n<p>&nbsp;<\/p>\n<p><strong>Annika Moser<\/strong><\/p>\n<p>Ostetrica e coordinatrice del servizio \u201cAlltogether\u201d dell\u2019associazione \u201cLa Strada-Der Weg\u201d.<\/p>\n<p>&nbsp;<\/p>\n<p><strong>Cinzia Favali<\/strong><\/p>\n<p>Educatrice professionale, membro del Team Sostegno familiare precoce ASSB.<\/p>\n<p>&nbsp;<\/p>\n<p><strong>Alessandra Marcucci<\/strong><\/p>\n<p>Arteterapeuta e counsellor presso il Centro \u201cIl Germoglio- Der Sonnenschein\u201d e il servizio \u201cExplora\u201d dell\u2019associazione \u201cLa Strada-Der Weg\u201d.<\/p>\n<p>&nbsp;<\/p>\n<p><strong>Liliana Di Fede<\/strong><\/p>\n<p>Pedagogista, direttrice generale dell\u2019Azienda Servizi Sociali di Bolzano.<\/p>\n<p>&nbsp;<\/p>\n<p><strong>Ruben Sadei<\/strong><\/p>\n<p>Presidente Cooperativa Improve.<\/p>\n<p>&nbsp;<\/p>\n<p><strong>David Aime Tchouamani<\/strong><\/p>\n<p>Infermiere, mediatore culturale, presidente APCUSS (Associazione di africani per la promozione culturale, sociale e sanitaria), tutore volontario per minori stranieri non accompagnati.<\/p>\n<p>&nbsp;<\/p>\n<p><strong>Tavolo Abitare<\/strong><\/p>\n<p>Coordinamento delle Associazioni impegnate nell\u2019ambito dell\u2019accoglienza abitativa.<\/p>\n<p>&nbsp;<\/p>\n<p><strong>Don Paolo Zambaldi<\/strong><\/p>\n<p>Sacerdote diocesano e assistente ecclesiastico dell\u2019Associazione \u201cLa Strada-Der Weg\u201d.<\/p>\n<p>&nbsp;<\/p>\n<p><strong>Silvia Fusaro<\/strong><\/p>\n<p>Educatrice del Polo di Territorio e di Comunit\u00e0 dell\u2019Azienda Servici Sociali Bolzano.<\/p>\n<p>&nbsp;<\/p>\n<p><strong>Chiara Lombardo<\/strong><\/p>\n<p>Educatrice del Polo di Territorio e Comunit\u00e0 dell\u2019Azienda Servici Sociali Bolzano.<\/p>\n<p>&nbsp;<\/p>\n<p><strong>Crais<\/strong><\/p>\n<p>Coordinamento delle strutture socio-pedagogiche della Provincia di Bolzano.<\/p>\n<p>&nbsp;<\/p>\n<p><strong>Claudio Ansaloni<\/strong><\/p>\n<p>Educatore, Responsabile Area Casa, Occupazione e Lavoro dell\u2019associazione \u201cLa Strada-Der Weg\u201d.<\/p>\n<p>&nbsp;<\/p>\n<p><strong>Luca Filippi<\/strong><\/p>\n<p>Vicesegretario generale della Camera di Commercio, Industria, Artigianato, Turismo e Agricoltura di Bolzano.<\/p>\n<p>&nbsp;<\/p>\n<p><strong>Nicoletta Simionato<\/strong><\/p>\n<p><span class=\"fontstyle0\">Psicologa, formatrice, si occupa di sostegno alla genitorialit\u00e0 presso il consultorio \u201cArca\u201d di Bolzano e di disagio adolescenziale presso il Centro \u201cIl Minotauro\u201d di Milano.<\/span>[\/vc_column_text][\/vc_column][\/vc_row][vc_row][vc_column][vc_column_text css=&#8221;&#8221;]<\/p>\n<h4 style=\"text-align: center;\">Relatrici e relatori seconda giornata &#8211; ReferentInnen des zweiten Tages<\/h4>\n<h5 style=\"text-align: center;\">19-03-2025\u00a0 \u00a0 Bressanone\/Brixen<\/h5>\n<h4 style=\"text-align: center;\">Tipologie familiari &#8211; <strong><em>Familiensysteme<\/em><\/strong><\/h4>\n<p style=\"text-align: center;\">Campus di Bressanone della Libera Universit\u00e0 di Bolzano &#8211; Campus Brixen der Freien Universitaet Bozen<\/p>\n<p style=\"text-align: center;\">Moderatrice \/ Moderatorin: <strong>Ulrike Oberlechner<\/strong><\/p>\n<p>&nbsp;<\/p>\n<p><strong>Chiara Saraceno<\/strong><\/p>\n<p>Sociologa, professoressa emerita presso l\u2019Universit\u00e0 di Torino e il \u201cWZB-Berlin Social Science Center\u201d, honorary fellow presso il \u201cCollegio Carlo Alberto\u201d di Torino, autrice di numerosi studi su famiglia, questione femminile, povert\u00e0, politiche sociali.<\/p>\n<p>&nbsp;<\/p>\n<p><strong>Urban Nothdurfter<\/strong><\/p>\n<p>Forscher und Dozent an der Freien Universit\u00e4t Bozen, Experte\u00a0 f\u00fcr Sozialarbeit und Sozialpolitik.<\/p>\n<p>&nbsp;<\/p>\n<p><strong>Francesca Morra<\/strong><\/p>\n<p>Antropologa, psicologa-psicoterapeuta dell\u2019Associazione Frantz Fanon (TO), centro di psicoterapia e supporto psicosociale per gli immigrati, i rifugiati e le vittime di tortura.<\/p>\n<p>&nbsp;<\/p>\n<p><strong>Mirko Campo<\/strong><\/p>\n<p>Referente provinciale per l\u2019Associazione Nazionale Famiglie Numerose.<\/p>\n<p>&nbsp;<\/p>\n<p><strong>Wolfgang Rigott<\/strong><\/p>\n<p>Vizepr\u00e4sident der S\u00fcdtiroler Plattform f\u00fcr Alleinerziehende.<\/p>\n<p>&nbsp;<\/p>\n<p><strong>Fernando Biague<\/strong><\/p>\n<p>Psicologo sociale ed etnopsicologo, presidente del Centro di Ricerca e Formazione sull\u2019Intercultura a Bressanone.<\/p>\n<p>&nbsp;<\/p>\n<p><strong>Alessandro Colombi<\/strong><\/p>\n<p>Docente di discipline tecnologiche presso la Libera Universit\u00e0 di Bolzano, esperto di tecnologie dell\u2019istruzione.<\/p>\n<p>&nbsp;<\/p>\n<p><strong>Elena Mattevi<\/strong><\/p>\n<p>Giurista, docente di diritto penale presso l\u2019Universit\u00e0 di Trento, esperta di giustizia riparativa, giustizia minorile, reati contro la Pubblica Amministrazione.<\/p>\n<p>&nbsp;<\/p>\n<p><strong>Kolis Summerer<\/strong><\/p>\n<p>Professorin f\u00fcr Strafrecht, PhD in Straf &#8211; und Strafprozessrecht.<\/p>\n<p>&nbsp;<\/p>\n<p><strong>Iris Nentwig- Gesemann<\/strong><\/p>\n<p>Professorin f\u00fcr Allgemeine P\u00e4dagogik und Sozialp\u00e4dagogik mit dem Schwerpunkt Erziehung und Bildung im Kindesalter, Freie Universit\u00e4t Bozen.<\/p>\n<p>&nbsp;<\/p>\n<p><strong>Alberto Malfatti<\/strong><\/p>\n<p>Psicologo, psicoterapeuta, coordinatore Centro Il Germoglio dell\u2019associazione \u201cLa Strada-Der Weg\u201d.<\/p>\n<p>&nbsp;<\/p>\n<p><strong>Marion Lorenzon<\/strong><\/p>\n<p>Pedagogista, responsabile Area scuola dell\u2019Associazione \u201cLa Strada-Der Weg\u201d.<\/p>\n<p>&nbsp;<\/p>\n<p><strong>Manuela Gius<\/strong><\/p>\n<p>Psicologa, responsabile Ufficio Politiche e Sviluppo Risorse Umane dell\u2019associazione \u201cLa Strada-Der Weg\u201d.<\/p>\n<p>&nbsp;<\/p>\n<p><strong>Alexa Bonfanti<\/strong><\/p>\n<p>Giurista, responsabile Segreteria Generale\/Affari Istituzionali dell\u2019associazione \u201cLa Strada-Der Weg\u201d.<\/p>\n<p>&nbsp;<\/p>\n<p><strong>Roberto De Lorenzo Noto<\/strong><\/p>\n<p>Educatore, referente per l&#8217;associazione \u201cLa Strada-Der Weg\u201d del servizio StreetworkBZ.<\/p>\n<p>&nbsp;<\/p>\n<p><strong>Elena Zangrando<\/strong><\/p>\n<p>Pedagogista, coordinatrice della Comunit\u00e0 residenziale integrata \u201cSancta Clara\u201d dell\u2019associazione \u201cLa Strada-Der Weg\u201d.<\/p>\n<p>&nbsp;<\/p>\n<p><strong>Daniele Morselli<\/strong><\/p>\n<p>Professore associato e Ricercatore presso la Facolt\u00e0 di Scienze della Formazione della Libera Universit\u00e0 di Bolzano.[\/vc_column_text][\/vc_column][\/vc_row][vc_row][vc_column][vc_column_text css=&#8221;&#8221;]<\/p>\n<h4 style=\"text-align: center;\">Relatori terza giornata \/ Referenten des drittenTages<\/h4>\n<h5 style=\"text-align: center;\">20-03-2025\u00a0 \u00a0 Merano\/Meran<\/h5>\n<h4 style=\"text-align: center;\">Ombre familiari &#8211; <strong><em>Schattenseiten der Familien<\/em><\/strong><\/h4>\n<p style=\"text-align: center;\">Liceo Gandhi Merano &#8211; Realgymnasium Gandhi Meran<\/p>\n<p style=\"text-align: center;\">Moderatrice \/ Moderatorin: <strong>Manuela Gius<\/strong><\/p>\n<p>&nbsp;<\/p>\n<p><strong>Chiara Saraceno<\/strong><\/p>\n<p>Sociologa, professoressa emerita presso l\u2019Universit\u00e0 di Torino e il \u201cWZB-Berlin Social Science Center\u201d, honorary fellow presso il \u201cCollegio Carlo Alberto\u201d di Torino, autrice di numerosi studi su famiglia, questione femminile, povert\u00e0, politiche sociali.<\/p>\n<p>&nbsp;<\/p>\n<p><strong>Angela Giungaio<\/strong><\/p>\n<p>Soziologin, Master-Abschluss in Innovation, Forschung und Praxis sozialer Arbeit,\u00a0 Verantwortliche des Sozialsprengels Meran.<\/p>\n<p>&nbsp;<\/p>\n<p><strong>Giada Maslovaric<\/strong><\/p>\n<p>psicologa, psicoterapeuta, esperta in Interventi Relazionali in Contesti d\u2019Emergenza e nella rielaborazione di traumi collettivi.<\/p>\n<p>&nbsp;<\/p>\n<p><strong>Serena Zenatti<\/strong><\/p>\n<p>Operatrice, coordinatrice progetto \u201cInvisibili\u201d dell\u2019associazione \u201cLa Strada-Der Weg\u201d.<\/p>\n<p>&nbsp;<\/p>\n<p><strong>Maria Cecilia Mun\u00f4z<\/strong><\/p>\n<p>Pedagogista, referente per il progetto \u201cMaternando\u201d a Merano.<\/p>\n<p>&nbsp;<\/p>\n<p><strong>Laura Sternbach<\/strong><\/p>\n<p>Psicologa, Coordinatrice del servizio \u201cExit\u201d dell\u2019associazione \u201cLa Strada-Der Weg\u201d.<\/p>\n<p>&nbsp;<\/p>\n<p><strong>Paolo Cuccurullo<\/strong><\/p>\n<p>Avvocato civilista e penalista.[\/vc_column_text][\/vc_column][\/vc_row][vc_row][vc_column][vc_column_text css=&#8221;&#8221;]<\/p>\n<h4 style=\"text-align: center;\">Relatori quarta giornata \/ Referenten des viertenTages<\/h4>\n<h5 style=\"text-align: center;\">21-03-2025\u00a0 \u00a0 Trento\/Trient<\/h5>\n<h4 style=\"text-align: center;\"><strong>Famiglia e parit\u00e0 di genere <\/strong> &#8211; <strong><em>Familie und Gleichstellung der Geschlechter<\/em><\/strong><\/h4>\n<p style=\"text-align: center;\">Universit\u00e0 di Trento &#8211; Universit\u00e4t Trient<\/p>\n<p style=\"text-align: center;\">Moderatrice &#8211; Moderatorin: <strong>Elena Faccio<\/strong><\/p>\n<p>&nbsp;<\/p>\n<p><strong>Chiara Saraceno<\/strong><\/p>\n<p>Sociologa, professoressa emerita presso l\u2019Universit\u00e0 di Torino e il \u201cWZB-Berlin Social Science Center\u201d, honorary fellow presso il \u201cCollegio Carlo Alberto\u201d di Torino, autrice di numerosi studi su famiglia, questione femminile, povert\u00e0, politiche sociali.<\/p>\n<p>&nbsp;<\/p>\n<p><strong>Barbara Poggio<\/strong><\/p>\n<p>Sociologa, Prorettrice alle politiche di equit\u00e0 e diversit\u00e0 e docente di Sociologia del Lavoro e dell&#8217;Organizzazione presso l\u2019Universit\u00e0 di Trento.<\/p>\n<p>&nbsp;<\/p>\n<p><strong>Diletta La Rosa<\/strong><\/p>\n<p>Attrice ed educatrice teatrale.<\/p>\n<p>&nbsp;<\/p>\n<p><strong>Marina Bruccoleri<\/strong><\/p>\n<p>Educatrice, responsabile Area Donna e Pari Opportunit\u00e0 dell\u2019Associazione \u201cLa Strada-Der Weg\u201d.<\/p>\n<p>&nbsp;<\/p>\n<p><strong>Sara Passler<\/strong><\/p>\n<p>Psicologa socio culturale, referente della rete dei centri genitori bambini (Elki).<\/p>\n<p>&nbsp;<\/p>\n<p><strong>Luca Nozza<\/strong><\/p>\n<p>Pedagogista, consulente per padri in attesa e nei primi 1000 giorni di vita dei figli, conduttore di cerchi di padri. Referente territoriale programma P.i.p.p.i.[\/vc_column_text][\/vc_column][\/vc_row][vc_row][vc_column][vc_column_text]<\/p>\n<p>[\/vc_column_text][\/vc_column][\/vc_row][vc_row][vc_column width=&#8221;1\/5&#8243;][vc_single_image image=&#8221;11790&#8243; img_size=&#8221;100&#215;100&#8243; alignment=&#8221;center&#8221; onclick=&#8221;custom_link&#8221; css=&#8221;&#8221; link=&#8221;https:\/\/www.lastrada-derweg.org\/?page_id=11590&#8243;][vc_custom_heading text=&#8221;Presentazione<br \/>\nPr\u00e4sentation&#8221; font_container=&#8221;tag:h6|text_align:center&#8221; use_theme_fonts=&#8221;yes&#8221; css=&#8221;&#8221; link=&#8221;url:https%3A%2F%2Fwww.lastrada-derweg.org%2F%3Fpage_id%3D11590&#8243;][\/vc_column][vc_column width=&#8221;1\/5&#8243;][vc_single_image image=&#8221;11685&#8243; img_size=&#8221;100&#215;100&#8243; alignment=&#8221;center&#8221; onclick=&#8221;custom_link&#8221; css=&#8221;&#8221; link=&#8221;https:\/\/www.lastrada-derweg.org\/?page_id=11607&#8243;][vc_custom_heading text=&#8221;Programma<br \/>\nProgramm&#8221; font_container=&#8221;tag:h6|text_align:center&#8221; use_theme_fonts=&#8221;yes&#8221; css=&#8221;&#8221; link=&#8221;url:https%3A%2F%2Fwww.lastrada-derweg.org%2F%3Fpage_id%3D11607&#8243;][\/vc_column][vc_column width=&#8221;1\/5&#8243;][vc_single_image image=&#8221;11679&#8243; img_size=&#8221;100&#215;100&#8243; alignment=&#8221;center&#8221; onclick=&#8221;custom_link&#8221; css=&#8221;&#8221; link=&#8221;https:\/\/docs.google.com\/forms\/d\/e\/1FAIpQLSdHiy7MGPeP8S9xv2j1s5me6s4zbXR5CWftfTLEQH_OgP38tg\/viewform?usp=header&#8221;][vc_custom_heading text=&#8221;Iscrizione<br \/>\nEinschreibung&#8221; font_container=&#8221;tag:h6|text_align:center&#8221; use_theme_fonts=&#8221;yes&#8221; css=&#8221;&#8221; link=&#8221;url:https%3A%2F%2Fdocs.google.com%2Fforms%2Fd%2Fe%2F1FAIpQLSdHiy7MGPeP8S9xv2j1s5me6s4zbXR5CWftfTLEQH_OgP38tg%2Fviewform%3Fusp%3Dheader&#8221;][\/vc_column][vc_column width=&#8221;1\/5&#8243;][vc_single_image image=&#8221;11693&#8243; img_size=&#8221;100&#215;100&#8243; alignment=&#8221;center&#8221; onclick=&#8221;custom_link&#8221; css=&#8221;&#8221; link=&#8221;https:\/\/www.lastrada-derweg.org\/?page_id=11649&#8243;][vc_custom_heading text=&#8221;Informazioni generali<br \/>\nAllgemeine Informationen&#8221; font_container=&#8221;tag:h6|text_align:center&#8221; use_theme_fonts=&#8221;yes&#8221; css=&#8221;&#8221; link=&#8221;url:https%3A%2F%2Fwww.lastrada-derweg.org%2F%3Fpage_id%3D11649&#8243;][\/vc_column][vc_column width=&#8221;1\/5&#8243;][vc_single_image image=&#8221;11700&#8243; img_size=&#8221;100&#215;100&#8243; alignment=&#8221;center&#8221; onclick=&#8221;custom_link&#8221; css=&#8221;&#8221; link=&#8221;https:\/\/www.lastrada-derweg.org\/?page_id=11704&#8243;][vc_custom_heading text=&#8221;Atti<br \/>\nAkten&#8221; font_container=&#8221;tag:h6|text_align:center&#8221; use_theme_fonts=&#8221;yes&#8221; css=&#8221;&#8221; link=&#8221;url:https%3A%2F%2Fwww.lastrada-derweg.org%2F%3Fpage_id%3D11704&#8243;][\/vc_column][\/vc_row][vc_row][vc_column][vc_separator color=&#8221;black&#8221; border_width=&#8221;3&#8243; css=&#8221;&#8221;][\/vc_column][\/vc_row]<\/p>\n<\/div>","protected":false},"excerpt":{"rendered":"<p>[vc_row][vc_column width=&#8221;1\/5&#8243;][vc_single_image image=&#8221;11790&#8243; img_size=&#8221;100&#215;100&#8243; alignment=&#8221;center&#8221; onclick=&#8221;custom_link&#8221; css=&#8221;&#8221; link=&#8221;https:\/\/www.lastrada-derweg.org\/?page_id=11590&#8243;][vc_custom_heading text=&#8221;Presentazione Pr\u00e4sentation&#8221; font_container=&#8221;tag:h6|text_align:center&#8221; use_theme_fonts=&#8221;yes&#8221; css=&#8221;&#8221; link=&#8221;url:https%3A%2F%2Fwww.lastrada-derweg.org%2F%3Fpage_id%3D11590&#8243;][\/vc_column][vc_column width=&#8221;1\/5&#8243;][vc_single_image image=&#8221;11685&#8243; img_size=&#8221;100&#215;100&#8243; alignment=&#8221;center&#8221; onclick=&#8221;custom_link&#8221; css=&#8221;&#8221; link=&#8221;https:\/\/www.lastrada-derweg.org\/?page_id=11607&#8243;][vc_custom_heading text=&#8221;Programma Programm&#8221; font_container=&#8221;tag:h6|text_align:center&#8221; use_theme_fonts=&#8221;yes&#8221; css=&#8221;&#8221; link=&#8221;url:https%3A%2F%2Fwww.lastrada-derweg.org%2F%3Fpage_id%3D11607&#8243;][\/vc_column][vc_column width=&#8221;1\/5&#8243;][vc_single_image image=&#8221;11679&#8243; img_size=&#8221;100&#215;100&#8243; alignment=&#8221;center&#8221; onclick=&#8221;custom_link&#8221; css=&#8221;&#8221; link=&#8221;https:\/\/docs.google.com\/forms\/d\/e\/1FAIpQLSdHiy7MGPeP8S9xv2j1s5me6s4zbXR5CWftfTLEQH_OgP38tg\/viewform?usp=header&#8221;][vc_custom_heading text=&#8221;Iscrizione Einschreibung&#8221; font_container=&#8221;tag:h6|text_align:center&#8221; use_theme_fonts=&#8221;yes&#8221; css=&#8221;&#8221; link=&#8221;url:https%3A%2F%2Fdocs.google.com%2Fforms%2Fd%2Fe%2F1FAIpQLSdHiy7MGPeP8S9xv2j1s5me6s4zbXR5CWftfTLEQH_OgP38tg%2Fviewform%3Fusp%3Dheader&#8221;][\/vc_column][vc_column width=&#8221;1\/5&#8243;][vc_single_image image=&#8221;11693&#8243; img_size=&#8221;100&#215;100&#8243; alignment=&#8221;center&#8221; onclick=&#8221;custom_link&#8221; css=&#8221;&#8221; link=&#8221;https:\/\/www.lastrada-derweg.org\/?page_id=11649&#8243;][vc_custom_heading text=&#8221;Informazioni generali Allgemeine Informationen&#8221; font_container=&#8221;tag:h6|text_align:center&#8221; use_theme_fonts=&#8221;yes&#8221; css=&#8221;&#8221; link=&#8221;url:https%3A%2F%2Fwww.lastrada-derweg.org%2F%3Fpage_id%3D11649&#8243;][\/vc_column][vc_column&hellip;<\/p>\n","protected":false},"author":2,"featured_media":0,"parent":11590,"menu_order":0,"comment_status":"closed","ping_status":"closed","template":"","meta":{"footnotes":""},"class_list":["post-11636","page","type-page","status-publish","hentry","description-off"],"_links":{"self":[{"href":"https:\/\/www.lastrada-derweg.org\/index.php?rest_route=\/wp\/v2\/pages\/11636","targetHints":{"allow":["GET"]}}],"collection":[{"href":"https:\/\/www.lastrada-derweg.org\/index.php?rest_route=\/wp\/v2\/pages"}],"about":[{"href":"https:\/\/www.lastrada-derweg.org\/index.php?rest_route=\/wp\/v2\/types\/page"}],"author":[{"embeddable":true,"href":"https:\/\/www.lastrada-derweg.org\/index.php?rest_route=\/wp\/v2\/users\/2"}],"replies":[{"embeddable":true,"href":"https:\/\/www.lastrada-derweg.org\/index.php?rest_route=%2Fwp%2Fv2%2Fcomments&post=11636"}],"version-history":[{"count":35,"href":"https:\/\/www.lastrada-derweg.org\/index.php?rest_route=\/wp\/v2\/pages\/11636\/revisions"}],"predecessor-version":[{"id":11934,"href":"https:\/\/www.lastrada-derweg.org\/index.php?rest_route=\/wp\/v2\/pages\/11636\/revisions\/11934"}],"up":[{"embeddable":true,"href":"https:\/\/www.lastrada-derweg.org\/index.php?rest_route=\/wp\/v2\/pages\/11590"}],"wp:attachment":[{"href":"https:\/\/www.lastrada-derweg.org\/index.php?rest_route=%2Fwp%2Fv2%2Fmedia&parent=11636"}],"curies":[{"name":"wp","href":"https:\/\/api.w.org\/{rel}","templated":true}]}}