{"id":12385,"date":"2025-09-18T08:31:57","date_gmt":"2025-09-18T06:31:57","guid":{"rendered":"https:\/\/www.lastrada-derweg.org\/?page_id=12385"},"modified":"2025-09-22T15:48:28","modified_gmt":"2025-09-22T13:48:28","slug":"poppi-2","status":"publish","type":"page","link":"https:\/\/www.lastrada-derweg.org\/?page_id=12385&lang=de","title":{"rendered":"POPPI"},"content":{"rendered":"<div class=\"wpb-content-wrapper\"><p>[vc_row][vc_column][vc_column_text css=&#8221;&#8221;]<strong>ESF_f4_0011 \u2013 PO.PPI \u2013 POnti Per la Prima Infanzia (Br\u00fccken f\u00fcr die fr\u00fche Kindheit) \u2013 Italienischsprachige Kinderg\u00e4rten \u2013 Gebiet C: Burggrafenamt und Vinschgau <\/strong>ist ein Projekt<strong>, das mit finanzieller Unterst\u00fctzung der Europ\u00e4ischen Union <\/strong>und des<strong> Programms ESF+ 2021-2027 der Autonomen Provinz Bozen realisiert wurde.<\/strong><\/p>\n<p>&nbsp;<\/p>\n<p>Es wird vom <strong>Verein La Strada \u2013 Der Weg<\/strong> in Zusammenarbeit mit der <strong>Landesdirektion italienischsprachiger Kinderg\u00e4rten<\/strong> der <strong>Provinz Bozen<\/strong> und den <strong>Kinderg\u00e4rten<\/strong> durchgef\u00fchrt.<\/p>\n<p><strong>Ziel des Projektes<\/strong><\/p>\n<p><strong>PO.PPI \u2013 Ponti Per la Prima Infanzia (Br\u00fccken f\u00fcr die fr\u00fche Kindheit)<\/strong> ist Teil der vom <strong>Europ\u00e4ischen Sozialfond<\/strong> der Provinz Bozen finanzierten Initiativen mit dem Ziel, <strong>den gleichberechtigten Zugang und den Abschluss einer inklusiven und hochwertigen allgemeinen und beruflichen Bildung zu f\u00f6rdern<\/strong>, insbesondere f\u00fcr benachteiligte Gruppen, von der fr\u00fchkindlichen Bildung zur Betreuung.<\/p>\n<p><strong>Beschreibung des Projektes und der vorgesehenen Ma<\/strong><strong>\u00df<\/strong><strong>nahmen<\/strong><\/p>\n<p>Das Projekt PO.PPI \u2013 Ponti Per la Prima Infanzia (Br\u00fccken f\u00fcr die fr\u00fche Kindheit) ist eine Initiative des Vereins La Strada \u2013 Der Weg, die ins Leben gerufen wurde, um auf einen dringenden Bedarf in S\u00fcdtirol zu reagieren, wo spezifische Daten auf eine zunehmende Vulnerabilit\u00e4t und Bildungsarmut hinweisen, die sich auf den Lebensweg von Kindern auswirken. Die Initiative wird in den Kinderg\u00e4rten \u201eGirotondo\u201d und \u201eRegina Elena\u201d in Meran durchgef\u00fchrt und hat zum Ziel, rund 120 Kindern, einige in prek\u00e4ren Verh\u00e4ltnissen anderen nicht, eine strukturierte und multidisziplin\u00e4re Unterst\u00fctzung zu bieten.<\/p>\n<p>Die Ma\u00dfnahme gliedert sich in drei Haupts\u00e4ulen: direkte sozialp\u00e4dagogische Unterst\u00fctzung f\u00fcr Kinder und indirekte Unterst\u00fctzung f\u00fcr Eltern und Fachkr\u00e4fte; Seminare und Workshops zur St\u00e4rkung der Kompetenzen der gesamten Bildungsgemeinschaft; sowie eine kontinuierliche \u00dcberwachung und Bewertung der Ergebnisse. Das Projekt st\u00fctzt sich auf ein umfangreiches Netzwerk von Kooperationen mit \u00f6ffentlichen und privaten Einrichtungen, um eine umfassende und integrierte Unterst\u00fctzung zu gew\u00e4hrleisten. Neben der F\u00f6rderung von Inklusion und Gleichberechtigung von fr\u00fchester Kindheit an umfasst die Initiative auch die Ziele der Gleichstellung der Geschlechter, der Nichtdiskriminierung und der nachhaltigen Entwicklung, mit dem Ziel, ein solides, reproduzierbares Bildungsmodell zu schaffen, das das Wohlergehen aller Beteiligten, einschlie\u00dflich der Schulmitarbeiter, ber\u00fccksichtigt.<\/p>\n<p>Es bietet Ma\u00dfnahmen zur:<\/p>\n<ul>\n<li>St\u00e4rkung individueller und gruppenbezogener Grundkompetenzen,<\/li>\n<li>sozialpsychologischer und p\u00e4dagogischer Unterst\u00fctzung,<\/li>\n<li>Pr\u00e4vention und Gruppenberatung,<\/li>\n<li>F\u00f6rderung der Gleichstellung der Geschlechter<\/li>\n<li>thematischen Workshops und Sensibilisierungsma\u00dfnahmen<\/li>\n<\/ul>\n<p>Projektdauer: vom 1. September 2025 bis zum 31. August 2027<\/p>\n<p><strong>Informationen zum Projekt<\/strong><\/p>\n<p>https:\/\/assets-eu-01.kc-usercontent.com\/bcebb4a7-48c6-010f-23f5-2a0876a4748e\/83f2a1f5-3d60-4da5-a1f5-059d8dc59d3c\/ALT_DE_Teilnahmebedingungen_zu_ESF%2B-%20Ma%C3%9Fnahmen_Rev00.pdf<\/p>\n<p><strong>Website des FSE-B\u00fcros: <\/strong><a href=\"https:\/\/europa.provincia.bz.it\/it\/fse-il-fondo-sociale-europeo-plus\">https:\/\/europa.provincia.bz.it\/it\/fse-il-fondo-sociale-europeo-plus<\/a><\/p>\n<p><strong>Beg\u00fcnstigter<\/strong><\/p>\n<p><strong>PO.PPI \u2013 Ponti Per la Prima Infanzia<\/strong> wird durchgef\u00fchrt von:<\/p>\n<p>Verein La Strada-Der Weg Onlus<\/p>\n<p>Mariaheimweg 42, 39100 Bozen<\/p>\n<p>Tel. 0471 203111<\/p>\n<p>&nbsp;<\/p>\n<p>Projektleiterin:<\/p>\n<p>Marion Lorenzon<\/p>\n<p><a href=\"mailto:marion.lorenzon@lastrada-derweg.org\">marion.lorenzon@lastrada-derweg.org<\/a><\/p>\n<p><strong>\u00a0<\/strong><\/p>\n<p><strong>Die Kinderg\u00e4rten der Stadt Meran, in denen das Projekt durchgef\u00fchrt wird:<\/strong><\/p>\n<ul>\n<li>KIndergarten \u201cGirotondo\u201d di Maia<\/li>\n<li>Scuola dell\u2019Infanzia \u201cRegina Elena\u201d di Sinigo<\/li>\n<\/ul>\n<p>[\/vc_column_text][\/vc_column][\/vc_row][vc_row][vc_column][vc_single_image image=&#8221;12378&#8243; img_size=&#8221;full&#8221; css=&#8221;&#8221;][\/vc_column][\/vc_row]<\/p>\n<\/div>","protected":false},"excerpt":{"rendered":"<p>[vc_row][vc_column][vc_column_text css=&#8221;&#8221;]ESF_f4_0011 \u2013 PO.PPI \u2013 POnti Per la Prima Infanzia (Br\u00fccken f\u00fcr die fr\u00fche Kindheit) \u2013 Italienischsprachige Kinderg\u00e4rten \u2013 Gebiet C: Burggrafenamt und Vinschgau ist ein Projekt, das mit finanzieller Unterst\u00fctzung der Europ\u00e4ischen Union und des Programms ESF+ 2021-2027 der Autonomen Provinz Bozen realisiert wurde. &nbsp; Es wird vom Verein La Strada \u2013 Der Weg&hellip;<\/p>\n","protected":false},"author":2,"featured_media":0,"parent":3156,"menu_order":0,"comment_status":"closed","ping_status":"closed","template":"","meta":{"footnotes":""},"class_list":["post-12385","page","type-page","status-publish","hentry","description-off"],"_links":{"self":[{"href":"https:\/\/www.lastrada-derweg.org\/index.php?rest_route=\/wp\/v2\/pages\/12385","targetHints":{"allow":["GET"]}}],"collection":[{"href":"https:\/\/www.lastrada-derweg.org\/index.php?rest_route=\/wp\/v2\/pages"}],"about":[{"href":"https:\/\/www.lastrada-derweg.org\/index.php?rest_route=\/wp\/v2\/types\/page"}],"author":[{"embeddable":true,"href":"https:\/\/www.lastrada-derweg.org\/index.php?rest_route=\/wp\/v2\/users\/2"}],"replies":[{"embeddable":true,"href":"https:\/\/www.lastrada-derweg.org\/index.php?rest_route=%2Fwp%2Fv2%2Fcomments&post=12385"}],"version-history":[{"count":2,"href":"https:\/\/www.lastrada-derweg.org\/index.php?rest_route=\/wp\/v2\/pages\/12385\/revisions"}],"predecessor-version":[{"id":12388,"href":"https:\/\/www.lastrada-derweg.org\/index.php?rest_route=\/wp\/v2\/pages\/12385\/revisions\/12388"}],"up":[{"embeddable":true,"href":"https:\/\/www.lastrada-derweg.org\/index.php?rest_route=\/wp\/v2\/pages\/3156"}],"wp:attachment":[{"href":"https:\/\/www.lastrada-derweg.org\/index.php?rest_route=%2Fwp%2Fv2%2Fmedia&parent=12385"}],"curies":[{"name":"wp","href":"https:\/\/api.w.org\/{rel}","templated":true}]}}