{"id":4726,"date":"2020-04-02T21:26:20","date_gmt":"2020-04-02T19:26:20","guid":{"rendered":"http:\/\/www.lastrada-derweg.org\/?page_id=4726"},"modified":"2020-04-02T21:28:16","modified_gmt":"2020-04-02T19:28:16","slug":"materiale-didattico","status":"publish","type":"page","link":"https:\/\/www.lastrada-derweg.org\/?page_id=4726","title":{"rendered":"Materiale didattico"},"content":{"rendered":"<div class=\"wpb-content-wrapper\"><p>[vc_row][vc_column][vc_column_text]<\/p>\n<h1 class=\"h1\">Articoli introduttivi<\/h1>\n<h3 class=\"h3\">Violenza<\/h3>\n<p>da Enciclopedia delle scienze sociali, Treccani<br \/>\n1. Psicologia, di Giovanni Jervis<br \/>\n2. Sociologia, di Birgitta Nedelmann<br \/>\n3. Politica, di Luciano Pellicani<br \/>\nQueste voci sono scaricabili dal sito:<br \/>\n<span class=\"color\"><a class=\"ref\" href=\"http:\/\/www.treccani.it\/Portale\/elements\/categoriesItems.jsp?pathFile=\/sites\/default\/BancaDati\/Enciclopedia_delle_Scienze_Sociali\/VOL08\/ENCICLOPEDIA_DELLE_SCIENZE_SOCIALI_Vol.8_557.xml\" target=\"_blank\" rel=\"noopener\">http:\/\/www.treccani.it\/Portale\/elements\/categoriesItems.jsp?pathFile=\/sites\/default\/BancaDati\/Enciclopedia_delle_Scienze_Sociali\/VOL08\/ENCICLOPEDIA_DELLE_SCIENZE_SOCIALI_Vol.8_557.xml<\/a><\/span><\/p>\n<h3 class=\"h3\">Violenza simbolica<\/h3>\n<p>di Francescomaria Tedesco<br \/>\nIn \u201cDiritti umani. Cultura dei diritti e dignit\u00e0 della persona nell\u2019epoca della globalizzazione\u201d<br \/>\nDizionario, vol II, UTET, 2007<\/p>\n<h3 class=\"h3\">Cultura del controllo<\/h3>\n<p>La cultura del controllo. Crimine e ordine sociale nel mondo contemporaneo,<br \/>\nDavid Garland, Il Saggiatore, 2004<br \/>\nUna presentazione del tema, scritta dallo stesso Garland, \u00e8 scaricabile dal sito:<br \/>\n<a class=\"ref\" href=\"http:\/\/www.ecn.org\/filiarmonici\/garland.html\" target=\"_blank\" rel=\"noopener\"><span class=\"color\">http:\/\/www.ecn.org\/filiarmonici\/garland.html<\/span><\/a><\/p>\n<h1 class=\"h1\">United Nations<\/h1>\n<h3 class=\"h3\">Protection from sexual exploitation and abuse<\/h3>\n<p>Scaricabile dal sito<br \/>\n<a class=\"ref\" href=\"http:\/\/www.un.org\/en\/pseataskforce\/\" target=\"_blank\" rel=\"noopener\"><span class=\"color\">http:\/\/www.un.org\/en\/pseataskforce\/<\/span><\/a><br \/>\nNell\u2019agosto 2006 il Segretario Generale delle Nazioni Unite ha diffuso uno studio sulla violenza contro i minori elaborato da un esperto indipendente.<br \/>\nLa versione in lingua tedesca si trova sul sito<br \/>\n<a class=\"ref\" href=\"http:\/\/www.violencestudy.org\/\" target=\"_blank\" rel=\"noopener\"><span class=\"color\">http:\/\/www.violencestudy.org\/<\/span><\/a><br \/>\nLa versione in italiano \u00e8 scaricabile dal sito<br \/>\n<a class=\"ref\" href=\"http:\/\/www.onuitalia.it\/events\/un_childrenkitstampa.php\" target=\"_blank\" rel=\"noopener\"><span class=\"color\">http:\/\/www.onuitalia.it\/events\/un_childrenkitstampa.php<\/span><\/a><\/p>\n<h1 class=\"h1\">World Health Organisation<\/h1>\n<p>L&#8217;Organizzazione mondiale della sanit\u00e0 studia le correlazioni esistenti tra violenza e salute e denuncia le gravi conseguenze fisiche, psichiche e psicosociali causate dalla violenza.<br \/>\nNel 2002, ha pubblicato (in inglese) un rapporto<\/p>\n<h3 class=\"h3\">World report on violence and health<\/h3>\n<p>sulla violenza e la prevenzione della violenza scaricabile dal sito<br \/>\n<a class=\"ref\" href=\"http:\/\/www.who.int\/violence_injury_prevention\/violence\/en\/\" target=\"_blank\" rel=\"noopener\"><span class=\"color\">http:\/\/www.who.int\/violence_injury_prevention\/violence\/en\/<\/span><\/a><br \/>\nil rapporto integrale \u00e8 disponibile in italiano:<\/p>\n<h3 class=\"h3\">Violenza e salute nel mondo<\/h3>\n<p>EDITORE quaderni di sanit\u00e0 pubblica<br \/>\nscaricabile dal sito:<br \/>\n<a class=\"ref\" href=\"http:\/\/whqlibdoc.who.int\/publications\/2002\/9241545615_ita.pdf\" target=\"_blank\" rel=\"noopener\"><span class=\"color\">http:\/\/whqlibdoc.who.int\/publications\/2002\/9241545615_ita.pdf<\/span><\/a><br \/>\nin tedesco \u00e8 disponibile una sintesi del rapporto<\/p>\n<h3 class=\"h3\">Weltbericht Gewalt und Gesundheit, 2003<\/h3>\n<p>,<br \/>\nscaricabile dal sito:<br \/>\n<a class=\"ref\" href=\"http:\/\/www.who.int\/violence_injury_prevention\/violence\/world_report\/en\/summary_ge.pdf\" target=\"_blank\" rel=\"noopener\"><span class=\"color\">http:\/\/www.who.int\/violence_injury_prevention\/violence\/world_report\/en\/summary_ge.pdf<\/span><\/a><br \/>\nNel 2005 WHO ha condotto uno studio sull&#8217;entit\u00e0 e sulle conseguenze per la salute della violenza domestica nei confronti delle donne:<\/p>\n<h3 class=\"h3\">Multi-country Study on Women&#8217;s Health and Domestic Violence against Women<\/h3>\n<p>(in inglese; non disponibili traduzioni in tedesco o italiano)<br \/>\nSulla relazione tra violenza ed alcolismo WHO regional office for Europe ha pubblicato<\/p>\n<h3 class=\"h3\">\u201cAlcohol and Interpersonal Violence, Policy Briefing\u201d<\/h3>\n<p>Scaricabile dal sito:<br \/>\n<a class=\"ref\" href=\"http:\/\/www.euro.who.int\/Document\/E87347.pdf\" target=\"_blank\" rel=\"noopener\"><span class=\"color\">http:\/\/www.euro.who.int\/Document\/E87347.pdf<\/span><\/a><br \/>\nNel 2006 di nuovo sulla relazione tra violenza ed alcol WHO ha pubblicato vari reports:<\/p>\n<h3 class=\"h3\">Interpersonal violence and alcohol<\/h3>\n<p>,<br \/>\nscaricabile dal sito<br \/>\n<a class=\"ref\" href=\"http:\/\/www.who.int\/violence_injury_prevention\/violence\/world_report\/factsheets\/pb_violencealcohol.pdf\" target=\"_blank\" rel=\"noopener\"><span class=\"color\">http:\/\/www.who.int\/violence_injury_prevention\/violence\/world_report\/factsheets\/pb_violencealcohol.pdf<\/span><\/a><\/p>\n<h3 class=\"h3\">Child maltreatment and alcohol<\/h3>\n<p>scaricabile dal sito<br \/>\n<a class=\"ref\" href=\"http:\/\/www.who.int\/violence_injury_prevention\/violence\/world_report\/factsheets\/fs_child.pdf\" target=\"_blank\" rel=\"noopener\"><span class=\"color\">http:\/\/www.who.int\/violence_injury_prevention\/violence\/world_report\/factsheets\/fs_child.pdf<\/span><\/a><\/p>\n<h3 class=\"h3\">Youth violence and alcohol<\/h3>\n<p>Scaricabile dal sito<br \/>\n<a class=\"ref\" href=\"http:\/\/www.who.int\/violence_injury_prevention\/violence\/world_report\/factsheets\/fs_youth.pdf\" target=\"_blank\" rel=\"noopener\"><span class=\"color\">http:\/\/www.who.int\/violence_injury_prevention\/violence\/world_report\/factsheets\/fs_youth.pdf<\/span><\/a><\/p>\n<h3 class=\"h3\">Intimate partner violence and alcohol<\/h3>\n<p>Scaricabile dal sito<br \/>\n<a class=\"ref\" href=\"http:\/\/www.who.int\/violence_injury_prevention\/violence\/world_report\/factsheets\/fs_intimate.pdf\" target=\"_blank\" rel=\"noopener\"><span class=\"color\">http:\/\/www.who.int\/violence_injury_prevention\/violence\/world_report\/factsheets\/fs_intimate.pdf<\/span><\/a><\/p>\n<h3 class=\"h3\">Elder abuse and alcohol<\/h3>\n<p>Scaricabile dal sito<br \/>\n<a class=\"ref\" href=\"http:\/\/www.who.int\/violence_injury_prevention\/violence\/world_report\/factsheets\/fs_elder.pdf\" target=\"_blank\" rel=\"noopener\"><span class=\"color\">http:\/\/www.who.int\/violence_injury_prevention\/violence\/world_report\/factsheets\/fs_elder.pdf<\/span><\/a><br \/>\nNel 2007 WHO Regional office for Europe, l\u2019Universit\u00e0 di Birmingham e GTZ (deutsche Gesellschaft f\u00fcr technische Zusammenarbeit), hanno pubblicato nell\u2019ambito del programma di prevenzione della violenza e degli incidenti il report<\/p>\n<h3 class=\"h3\">\u201cThe cycles of violence. The relationship between childhood maltreatment and the risk of later becoming a victim or perpetrator of violence. Key facts\u201d<\/h3>\n<p>scaricabile dal sito:<br \/>\n<a class=\"ref\" href=\"http:\/\/www.euro.who.int\/document\/E90619.pdf\" target=\"_blank\" rel=\"noopener\"><span class=\"color\">http:\/\/www.euro.who.int\/document\/E90619.pdf<\/span><\/a><br \/>\nNell\u2019ottobre 2008 a Bonn ha avuto luogo il<\/p>\n<h3 class=\"h3\">Symposium: Violence affects your health &#8211; Challenges for the European health systems<\/h3>\n<p>Tra WHO regional office for Europe, il Ministro federale germanico della sanit\u00e0, e la Associazione medica germanica, i cui atti \u201cViolence Causes Illness: Challenges to the European Health Care Systems\u201d sono scaricabili dal sito<br \/>\n<a class=\"ref\" href=\"http:\/\/www.euro.who.int\/Document\/VIP\/Violence_illness.pdf\" target=\"_blank\" rel=\"noopener\"><span class=\"color\">http:\/\/www.euro.who.int\/Document\/VIP\/Violence_illness.pdf<\/span><\/a><br \/>\nNel 2009 WHO e Liverpool John Moores University hanno pubblicato<\/p>\n<h3 class=\"h3\">Violence prevention: the evidence<\/h3>\n<p>Un report composto da otto capitoli sulle evidenze relative agli interventi preventivi della violenza interpersonale e autodiretta. Nell\u2019illustrare le evidenze dell\u2019efficacia pratica degli interventi Violence prevention: the evidence fornisce direttive chiare su come finanziatori, policy makers ed attuatori dei programmi possono aumentare l\u2019impatto dei loro sforzi preventivi.<br \/>\n\u2022 Overview<br \/>\n\u2022 Preventing violence through the development of safe, stable and nurturing relationships between children and their parents and caregivers<br \/>\n\u2022 Guns, knives and pesticides: reducing access to lethal means<br \/>\n\u2022 Preventing violence by reducing the availability and harmful use of alcohol<br \/>\n\u2022 Preventing violence by developing life skills in children and adolescents<br \/>\n\u2022 Changing cultural and social norms that support violence<br \/>\n\u2022 Reducing violence through victim identification, care and support programmes<br \/>\nQuesti materiali sono scaricabili dal sito:<br \/>\n<a class=\"ref\" href=\"http:\/\/www.who.int\/violence_injury_prevention\/violence\/4th_milestones_meeting\/publications\/en\/index.html\" target=\"_blank\" rel=\"noopener\"><span class=\"color\">http:\/\/www.who.int\/violence_injury_prevention\/violence\/4th_milestones_meeting\/publications\/en\/index.html<\/span><\/a><br \/>\nAltri siti web forniscono le risorse evidence-based per policy makers, MMG ed altri operatori per prevenire la violenza. Sono inclusi i data base con studi pubblicati che misurano la efficacia pratica degli interventi per prevenire gli abusi dell\u2019infanzia, gli abusi degli anziani, le violenze verso partner intime\/i, le violenze sessuali e le violenze giovanili; le pubblicazioni chiave e le risorse sulla violenza la sua prevenzione; novit\u00e0 e aggiornamenti dall\u2019ambito della prevenzione della violenza; ed i links delle organizzazioni rilevanti.<br \/>\nQuesti materiali sono scaricabili dal sito:<br \/>\n<a class=\"ref\" href=\"http:\/\/www.preventviolence.info\/\" target=\"_blank\" rel=\"noopener\"><span class=\"color\">http:\/\/www.preventviolence.info\/<\/span><\/a><br \/>\nIl sito include:<br \/>\n\u2022\u00a0<strong>Evidence Base<\/strong>: abstracts della letteratura rivista sistematicamente che fornisce evidenze dei provvedimenti che possono essere efficaci nel prevenire la violenza<br \/>\n\u2022\u00a0<strong>Resources<\/strong>: pubblicazioni chiave e risorse per la prevenzione della violenza<br \/>\n\u2022\u00a0<strong>UK Violence and Injury Prevention Focal Point<\/strong><br \/>\n\u2022\u00a0<strong>Violence Prevention Alliance<\/strong>: informazioni e links per la Alleanza globale della Prevenzione della Violence (VPA), inclusi dettagli specifici e risorse del Gruppo di Lavoro VPA sulla Violenza giovanile, Alcohol e Vita Notturna<br \/>\n\u2022\u00a0<strong>Violence Indicator Profiles for the English Regions (VIPER)<\/strong>: dati sulla violenza per le autorit\u00e0 locali delle regioni inglesi. I dati forniti includono I ricoveri ospedalieri per violenza, i crimini registrati dalla polizia e i dati di mortalit\u00e0<br \/>\n\u2022\u00a0<strong>TEACH-VIP<\/strong>: si tratta di un programma inclusivo la prevenzione degli incidenti e l\u2019educazione al controllo che \u00e8 stato sviluppato grazie allo sforzo di WHO e di un network di esperti della prevenzione globale degli incidenti<br \/>\n\u2022\u00a0<strong>News<\/strong>: aggiornamenti sulle nuove pubblicazioni e gli eventi sulla violenza<\/p>\n<p>Nel 2006 WHO e International Society for Prevention of Child Abuse and Neglect hanno pubblicato il rapporto:<\/p>\n<h3 class=\"h3\">Preventing child maltreatment: a guide to taking action and generating evidence<\/h3>\n<p>Scaricabile dal sito:<br \/>\n<a class=\"ref\" href=\"http:\/\/whqlibdoc.who.int\/publications\/2006\/9241594365_eng.pdf\" target=\"_blank\" rel=\"noopener\"><span class=\"color\">http:\/\/whqlibdoc.who.int\/publications\/2006\/9241594365_eng.pdf<\/span><\/a><br \/>\nE\u2019 disponibile la versione italiana (a cura dell\u2019Assessorato Sanit\u00e0, Politiche socio-sanitarie e per l\u2019integrazione, Settore Servizi alla persona della Regione Emilia Romagna):<\/p>\n<h3 class=\"h3\">Prevenire il maltrattamento sui minori: indicazioni operative e strumenti di analisi<\/h3>\n<p>Scaricabile dal sito:<br \/>\n<a class=\"ref\" href=\"http:\/\/whqlibdoc.who.int\/publications\/2006\/9241594365_ita.pdf\" target=\"_blank\" rel=\"noopener\"><span class=\"color\">http:\/\/whqlibdoc.who.int\/publications\/2006\/9241594365_ita.pdf<\/span><\/a><\/p>\n<h1 class=\"h1\">Unione europea (UE)<\/h1>\n<p><a class=\"ref\" href=\"http:\/\/www.ebg.admin.ch\/themen\/00009\/00089\/00314\/index.html?lang=it\" target=\"_blank\" rel=\"noopener\"><span class=\"color\">http:\/\/www.ebg.admin.ch\/themen\/00009\/00089\/00314\/index.html?lang=it<\/span><\/a><\/p>\n<h3 class=\"h3\">Programmi Daphne dell&#8217;UE<\/h3>\n<p>Dal 2000, l&#8217;Unione europea sostiene la lotta alla violenza nei confronti delle donne, dei bambini e degli adolescenti attraverso i programmi &#8220;Daphne&#8221;. L&#8217;obiettivo di tali programmi \u00e8 proteggere queste categorie di persone dalla violenza e fornire assistenza alle vittime. I fondi stanziati per ogni edizione di Daphne vengono erogati a progetti e organizzazioni che perseguono questi intenti.<br \/>\nIl primo programma\u00a0<strong>Daphne<\/strong>\u00a0(2000-2003) mirava a promuovere e diffondere le esperienze e i diversi approcci applicati dalle ONG per consentire l&#8217;avvio di una collaborazione a livello europeo.<\/p>\n<h3 class=\"h3\">Daphne II<\/h3>\n<p>(2004-2008) puntava l&#8217;obiettivo in particolare sul sostegno alle vittime della violenza e sulla sensibilizzazione ai danni personali e sociali che la violenza arreca alle vittime, alle famiglie e alla collettivit\u00e0 nel suo insieme.<\/p>\n<h3 class=\"h3\">Daphne III<\/h3>\n<p>(2007-2013) pone l&#8217;accento sui bambini, sugli adolescenti e sulle donne vittime della violenza sia nella sfera pubblica che in quella privata. Il programma verte essenzialmente sull&#8217;individuazione dei legami esistenti tra violenza e salute nonch\u00e9 diritti umani e parit\u00e0 dei sessi con un&#8217;attenzione particolare allo studio di misure di prevenzione e dei meccanismi di sostegno e protezione.<br \/>\n<strong>Daphne Toolkit (in inglese)<\/strong>\u00a0\u00e8 scaricabile dal sito:<br \/>\n<a class=\"ref\" href=\"http:\/\/ec.europa.eu\/justice_home\/daphnetoolkit\/htm\/welcome\/dpt_welcome_en.html\" target=\"_blank\" rel=\"noopener\"><span class=\"color\">http:\/\/ec.europa.eu\/justice_home\/daphnetoolkit\/htm\/welcome\/dpt_welcome_en.html<\/span><\/a><\/p>\n<h3 class=\"h3\">Altre misure dell&#8217;UE per combattere la violenza sulle donne<\/h3>\n<p>L&#8217;Unione europea si impegna anche nella lotta contro le molestie sessuali, la tratta di esseri umani e lo sfruttamento sessuale delle donne.<\/p>\n<h1 class=\"h1\">Consiglio d\u2019Europa<\/h1>\n<h3 class=\"h3\">Campagna &#8220;Stop alla violenza sulle donne, inclusa quella domestica&#8221;<\/h3>\n<p><a class=\"ref\" href=\"http:\/\/www.ebg.admin.ch\/themen\/00009\/00089\/00161\/index.html?lang=it\" target=\"_blank\" rel=\"noopener\"><span class=\"color\">http:\/\/www.ebg.admin.ch\/themen\/00009\/00089\/00161\/index.html?lang=it<\/span><\/a><br \/>\nTra il 2006 e il 2008, il Consiglio d&#8217;Europa ha condotto una campagna per lottare contro la violenza sulle donne inclusa quella domestica (&#8220;Stop domestic violence against women&#8221;). I numerosi seminari e incontri indetti nel corso di tale campagna hanno consentito uno scambio di informazioni tra gli Stati partecipanti e le ONG impegnate su questo fronte. I link e i documenti riportati qui di seguito offrono indicazioni dettagliate sulla campagna e sui risultati ottenuti.<br \/>\nHomepage della campagna (in inglese e francese):<\/p>\n<h3 class=\"h3\">Ad hoc Committee on preventing and combating violence against women and domestic violence (CAHVIO)<\/h3>\n<p><a class=\"ref\" href=\"http:\/\/www.coe.int\/t\/dghl\/standardsetting\/violence\/general\/FR_asp?\" target=\"_blank\" rel=\"noopener\"><span class=\"color\">http:\/\/www.coe.int\/t\/dghl\/standardsetting\/violence\/general\/FR_asp?<\/span><\/a><br \/>\n<a class=\"ref\" href=\"http:\/\/www.coe.int\/t\/dghl\/standardsetting\/violence\/documents_en.asp\" target=\"_blank\" rel=\"noopener\"><span class=\"color\">http:\/\/www.coe.int\/t\/dghl\/standardsetting\/violence\/documents_en.asp<\/span><\/a><\/p>\n<h3 class=\"h3\">Panoramica dei documenti del Consiglio d&#8217;Europa, delle Nazioni Unite, dell\u2019Unione Europea, di altri sistemi regionali dei diritti umani (America, Africa)<\/h3>\n<p>La panoramica dei documenti emanati dal Consiglio d&#8217;Europa per combattere la violenza sulle donne offre informazioni sulle basi giuridiche in materia, sulla loro conversione in leggi nazionali e su altri documenti internazionali<br \/>\n<a class=\"ref\" href=\"http:\/\/www.coe.int\/t\/dghl\/standardsetting\/violence\/Background%20documents_en.asp\" target=\"_blank\" rel=\"noopener\"><span class=\"color\">http:\/\/www.coe.int\/t\/dghl\/standardsetting\/violence\/Background%20documents_en.asp<\/span><\/a><\/p>\n<h1 class=\"h1\">Carcere<\/h1>\n<p>Carcere. La criticit\u00e0 del sistema penitenziario, Mauro Palma<br \/>\nIn \u201cIl libro dell\u2019anno 2006\u201d, Treccani<\/p>\n<h3 class=\"h3\">Per una nuova amministrazione penitenziaria.<br \/>\nANTIGONE. Se non ora, quando? Proposte e riflessioni per una rinnovata amministrazione penitenziaria<\/h3>\n<p>, Mauro Palma<br \/>\nCamera dei Deputati, 27 Luglio 2006<br \/>\nQuesto intervento \u00e8 scaricabile dal sito:<br \/>\n<a class=\"ref\" href=\"http:\/\/www.associazioneantigone.it\/NuovaAmministrazionePenale\/relazioneMauroPalma.htm\" target=\"_blank\" rel=\"noopener\"><span class=\"color\">http:\/\/www.associazioneantigone.it\/NuovaAmministrazionePenale\/relazioneMauroPalma.htm<\/span><br \/>\n<\/a><\/p>\n<h1 class=\"h1\">Salute mentale e societ\u00e0 della paura<\/h1>\n<p>&#8211;\u00a0<strong>Istituto Mario Negri \u2013 Milano<\/strong><br \/>\nLa diffusione nell&#8217;opinione pubblica di uno stato di allarme e di paura danneggia la salute mentale? L&#8217;aumento dei dispositivi di controllo \u00e8 efficace nel ridurre la paura? Ci sono modi costruttivi per affrontare la paura? I disturbi mentali implicano un aumento del rischio di commettere violenza per chi ne \u00e8 affetto? Qual&#8217; \u00e8 l&#8217;entit\u00e0 di questo rischio e quali disturbi riguarda? Ci sono differenze in tal senso tra varie aree geografiche?<br \/>\nPer rispondere a questo e ad altri quesiti si terr\u00e0 [si \u00e8 tenuto] il 22 maggio 2009 &#8211; presso l&#8217;Istituto Mario Negri di Milano &#8211; un seminario di studio organizzato dall&#8217;Unit\u00e0 di Epidemiologia e Psichiatria Sociale dell&#8217;Istituto, in collaborazione col Comit\u00e9 Europ\u00e9en Droit Ethique et Psychiatrie (CEDEP), dal titolo \u201c Salute mentale e societ\u00e0 della paura\u201d.<br \/>\nAngelo Barbato, psichiatra dell&#8217;Unit\u00e0 di Epidemiologia e Psichiatria Sociale dell&#8217;Istituto Mario Negri, ha analizzato il problema della paura connessa alla pericolosit\u00e0 nei disturbi mentali, presentando i dati delle ricerche pi\u00f9 recenti sul nesso tra violenza e disturbi mentali, proprio con l&#8217;obiettivo di rispondere a queste domande.<\/p>\n<h3 class=\"h3\">VIOLENZA E DISTURBI MENTALI: COSA DICONO I DATI ?<\/h3>\n<p>Angelo Barbato, World Association for Psychosocial Rehabilitation, Unit\u00e0 di Epidemiologia e Psichiatria Sociale Istituto Mario Negri, Milano<br \/>\nMilano, 22 Maggio 2009<br \/>\n<strong>Conclusioni<\/strong><br \/>\n\u2022 Le persone con disturbi mentali hanno una probabilit\u00e0 leggermente maggiore di commettere violenza rispetto alla popolazione generale<br \/>\n\u2022 La probabilit\u00e0 \u00e8 pi\u00f9 elevata per alcuni gruppi diagnostici<br \/>\n\u2022 La probabilit\u00e0 \u00e8 pi\u00f9 elevata in associazione con l\u2019abuso di sostanze<br \/>\n\u2022 La grande maggioranza delle persone con disturbi mentali non commette atti violenti<br \/>\n\u2022 La probabilit\u00e0 pi\u00f9 elevata \u00e8 dovuta a fattori di rischio socio-ambientali<br \/>\n\u2022 La diagnosi psichiatrica isolatamente presa non \u00e8 un fattore di rischio<br \/>\n\u2022 Il contributo delle persone con disturbi mentali al tasso di violenza nella societ\u00e0 \u00e8<br \/>\ntrascurabile<br \/>\n\u2022 Le possibilit\u00e0 di predire in base a indicatori psichiatrici eventi gravi di violenza \u00e8 limitata<br \/>\na causa del tasso elevato di falsi positivi<br \/>\n\u2022 Le persone con disturbi mentali presentano un rischio elevato di subire violenza<br \/>\n\u2022 In Italia rispetto ad altri paesi il tasso di violenza nei servizi psichiatrici \u00e8 basso<br \/>\n\u2022 Il lavoro nei servizi psichiatrici \u00e8 associato a un rischio uguale o inferiore a quello<br \/>\npresente in altri settori sanitari<br \/>\n\u2022 Anche se basso il rischio legato all\u2019aggressivit\u00e0 \u00e8 un rischio specifico del lavoro in psichiatria che deve essere considerato nella formazione degli operatori<\/p>\n<h1 class=\"h1\">National Institute for Clinical Excellence (Uk)<\/h1>\n<p>ha elaborato delle linee guida per far fronte alla violenza in situazioni di emergenza sanitaria psichiatrica ed il management a breve termine del comportamento disturbato\/violento in pazienti psichiatrici ricoverati, scaricabili dal sito:<br \/>\n<a class=\"ref\" href=\"http:\/\/www.nice.org.uk\/CG25\" target=\"_blank\" rel=\"noopener\"><span class=\"color\">http:\/\/www.nice.org.uk\/CG25<\/span><\/a><br \/>\nLe linee guida del \u201croyal college of nursing\u201d sono scaricabili dal sito<br \/>\n<a class=\"ref\" href=\"http:\/\/www.nice.org.uk\/guidance\/index.jsp?action=article&amp;o=29737\" target=\"_blank\" rel=\"noopener\"><span class=\"color\">http:\/\/www.nice.org.uk\/guidance\/index.jsp?action=article&amp;o=29737<\/span><\/a><br \/>\noppure dal sito<br \/>\n<a class=\"ref\" href=\"http:\/\/www.rcn.org.uk\/__data\/assets\/pdf_file\/0018\/109800\/003017.pdf\" target=\"_blank\" rel=\"noopener\"><span class=\"color\">http:\/\/www.rcn.org.uk\/__data\/assets\/pdf_file\/0018\/109800\/003017.pdf<\/span><\/a><\/p>\n<h1 class=\"h1\">Capacit\u00e0 di intendere e volere e disturbi di personalit\u00e0.<\/h1>\n<p>I \u201cdisturbi della personalit\u00e0\u201d possono costituire causa idonea ad escludere o grandemente scemare, in via autonoma e specifica, la capacit\u00e0 di intendere e di volere del soggetto agente ai fini degli articoli 88 e 89 c.p., sempre che siano di consistenza, intensit\u00e0, rilevanza e gravit\u00e0 tali da concretamente incidere sulla stessa; invece, non assumono rilievo ai fini della imputabilit\u00e0 le altre \u201canomalie caratteriali\u201d o gli \u201cstati emotivi e passionali\u201d, che non rivestano i suddetti connotati di incisivit\u00e0 sulla capacit\u00e0 di autodeterminazione del soggetto agente.<br \/>\nLo ha stabilito la Cassazione a Sezioni Unite con la pronuncia 9163\/2005, precisando altres\u00ec che \u00e8 comunque necessario che tra il disturbo mentale ed il fatto di reato sussista un nesso eziologico, che consenta di ritenere il secondo casualmente determinato dal primo.<\/p>\n<h1 class=\"h1\">La violenza si impara<\/h1>\n<p>Tradizionalmente si distingue un apprendimento di nozioni specifiche (scolastiche, lavorative, di altro genere) da un pi\u00f9 generale apprendimento sociale attraverso il quale l\u2019essere umano (soprattutto negli anni dello sviluppo infantile e adolescenziale) acquisisce l\u2019insieme di quelle conoscenze che servono a orientarsi e ad agire nel tessuto sociale (culturale, materiale e simbolico) nel quale si svolge la sua esistenza.<br \/>\nQui \u00e8 essenzialmente all\u2019apprendimento sociale che guarderemo; quindi non alle nozioni specifiche che concorrono a fare un buon \u201cguerriero\u201d o un buon \u201crapinatore\u201d, ma piuttosto all\u2019acquisizione di quelle conoscenze che contribuiscono a vedere e affrontare la vita in termini aggressivi, prepotenti, violenti. Sono particolarmente queste che sembrano connotare le violenze emergenti nelle cronache quotidiane del nostro tempo: quelle sessuali e domestiche sulle donne, le prepotenze e i vandalismi di strada, l\u2019aggressione di bambini e di ragazzini sui loro compagni in quelle forme che, uscendo dalle \u201cnormali\u201d zuffe tra coetanei, prendono la via della crudelt\u00e0 e della persecuzione, la violenza degli stadi di calcio e cos\u00ec via.<br \/>\nTali violenze sono quelle che pi\u00f9 di altre sembrano evidenziare caratteristiche di base non troppo diverse tra loro sul piano delle dinamiche psicosociali retrostanti e che possono quindi giustificare un\u2019analisi di insieme, pur tenendo conto delle differenti situazioni in cui si esplicano. E\u2019 in definitiva nell\u2019ambito di queste dinamiche che l\u2019individuo si articola concretamente con il tessuto sociale attraverso la famiglia e le agenzie di socializzazione in generale, attraverso il confronto con i modelli di riferimento, nonch\u00e9 con i valori e le norme della cultura del suo tempo e della societ\u00e0 in cui vive.<br \/>\n(da \u201cProblemi umani in comunit\u00e0 di massa. Una psicologia tra clinica e politica\u201d, Piero Amerio, Einaudi, 2004)[\/vc_column_text][\/vc_column][\/vc_row]<\/p>\n<\/div>","protected":false},"excerpt":{"rendered":"<p>[vc_row][vc_column][vc_column_text] Articoli introduttivi Violenza da Enciclopedia delle scienze sociali, Treccani 1. Psicologia, di Giovanni Jervis 2. Sociologia, di Birgitta Nedelmann 3. Politica, di Luciano Pellicani Queste voci sono scaricabili dal sito: http:\/\/www.treccani.it\/Portale\/elements\/categoriesItems.jsp?pathFile=\/sites\/default\/BancaDati\/Enciclopedia_delle_Scienze_Sociali\/VOL08\/ENCICLOPEDIA_DELLE_SCIENZE_SOCIALI_Vol.8_557.xml Violenza simbolica di Francescomaria Tedesco In \u201cDiritti umani. Cultura dei diritti e dignit\u00e0 della persona nell\u2019epoca della globalizzazione\u201d Dizionario, vol II, UTET, 2007&hellip;<\/p>\n","protected":false},"author":2,"featured_media":0,"parent":4697,"menu_order":0,"comment_status":"closed","ping_status":"closed","template":"","meta":{"footnotes":""},"class_list":["post-4726","page","type-page","status-publish","hentry","description-off"],"_links":{"self":[{"href":"https:\/\/www.lastrada-derweg.org\/index.php?rest_route=\/wp\/v2\/pages\/4726","targetHints":{"allow":["GET"]}}],"collection":[{"href":"https:\/\/www.lastrada-derweg.org\/index.php?rest_route=\/wp\/v2\/pages"}],"about":[{"href":"https:\/\/www.lastrada-derweg.org\/index.php?rest_route=\/wp\/v2\/types\/page"}],"author":[{"embeddable":true,"href":"https:\/\/www.lastrada-derweg.org\/index.php?rest_route=\/wp\/v2\/users\/2"}],"replies":[{"embeddable":true,"href":"https:\/\/www.lastrada-derweg.org\/index.php?rest_route=%2Fwp%2Fv2%2Fcomments&post=4726"}],"version-history":[{"count":1,"href":"https:\/\/www.lastrada-derweg.org\/index.php?rest_route=\/wp\/v2\/pages\/4726\/revisions"}],"predecessor-version":[{"id":4727,"href":"https:\/\/www.lastrada-derweg.org\/index.php?rest_route=\/wp\/v2\/pages\/4726\/revisions\/4727"}],"up":[{"embeddable":true,"href":"https:\/\/www.lastrada-derweg.org\/index.php?rest_route=\/wp\/v2\/pages\/4697"}],"wp:attachment":[{"href":"https:\/\/www.lastrada-derweg.org\/index.php?rest_route=%2Fwp%2Fv2%2Fmedia&parent=4726"}],"curies":[{"name":"wp","href":"https:\/\/api.w.org\/{rel}","templated":true}]}}